{"id":3,"date":"2025-03-10T22:44:28","date_gmt":"2025-03-10T21:44:28","guid":{"rendered":"http:\/\/camping.lapaludsurverdon.com\/WP\/?page_id=3"},"modified":"2025-05-01T21:26:44","modified_gmt":"2025-05-01T19:26:44","slug":"politique-de-confidentialite","status":"publish","type":"page","link":"https:\/\/camping.lapaludsurverdon.com\/WP\/politique-de-confidentialite\/","title":{"rendered":"Politique de confidentialit\u00e9"},"content":{"rendered":"\t\t<div data-elementor-type=\"wp-page\" data-elementor-id=\"3\" class=\"elementor elementor-3\">\n\t\t\t\t<div class=\"elementor-element elementor-element-68f0ff41 e-flex e-con-boxed e-con e-parent\" data-id=\"68f0ff41\" data-element_type=\"container\" data-e-type=\"container\" data-settings=\"{&quot;background_background&quot;:&quot;classic&quot;}\">\n\t\t\t\t\t<div class=\"e-con-inner\">\n\t\t\t\t<div class=\"elementor-element elementor-element-9578522 elementor-widget elementor-widget-heading\" data-id=\"9578522\" data-element_type=\"widget\" data-e-type=\"widget\" data-widget_type=\"heading.default\">\n\t\t\t\t<div class=\"elementor-widget-container\">\n\t\t\t\t\t<h1 class=\"elementor-heading-title elementor-size-default\">Le Camping Municipal Grand Canyon - \u00e0 La Palud sur Verdon<\/h1>\t\t\t\t<\/div>\n\t\t\t\t<\/div>\n\t\t\t\t<div class=\"elementor-element elementor-element-dc53b6b elementor-widget elementor-widget-heading\" data-id=\"dc53b6b\" data-element_type=\"widget\" data-e-type=\"widget\" data-widget_type=\"heading.default\">\n\t\t\t\t<div class=\"elementor-widget-container\">\n\t\t\t\t\t<h2 class=\"elementor-heading-title elementor-size-default\">Qui sommes-nous\u00a0?<\/h2>\t\t\t\t<\/div>\n\t\t\t\t<\/div>\n\t\t\t\t<div class=\"elementor-element elementor-element-82847ac elementor-widget elementor-widget-text-editor\" data-id=\"82847ac\" data-element_type=\"widget\" data-e-type=\"widget\" data-widget_type=\"text-editor.default\">\n\t\t\t\t<div class=\"elementor-widget-container\">\n\t\t\t\t\t\t\t\t\t<p>Le Camping Municipal Grand Canyon se situe sur la commune de La Palud sur Verdon\u00a0 &#8211; 580 route de Castellane.<\/p>\n<p>T\u00e9l\u00e9phone : +33 4 92 77 38 13<\/p>\t\t\t\t\t\t\t\t<\/div>\n\t\t\t\t<\/div>\n\t\t\t\t<div class=\"elementor-element elementor-element-62d7399 elementor-widget elementor-widget-heading\" data-id=\"62d7399\" data-element_type=\"widget\" data-e-type=\"widget\" data-widget_type=\"heading.default\">\n\t\t\t\t<div class=\"elementor-widget-container\">\n\t\t\t\t\t<h2 class=\"elementor-heading-title elementor-size-default\">Le site internet<\/h2>\t\t\t\t<\/div>\n\t\t\t\t<\/div>\n\t\t\t\t<div class=\"elementor-element elementor-element-f8f0783 elementor-widget elementor-widget-text-editor\" data-id=\"f8f0783\" data-element_type=\"widget\" data-e-type=\"widget\" data-widget_type=\"text-editor.default\">\n\t\t\t\t<div class=\"elementor-widget-container\">\n\t\t\t\t\t\t\t\t\t<p>Le pr\u00e9sent site internet est la propri\u00e9t\u00e9 de la mairie de La Palud sur Verdon &#8211; 1 place du ch\u00e2teau &#8211; 04120 La Palud sur Verdon<\/p>\n<p>directeur de la publication : Mme le Maire<\/p>\n<p>T\u00e9l\u00e9phone +33 4 92 77 38 02<\/p>\n<p>H\u00e9bergement sur serveur OVH &#8211; 2 rue Kellerman &#8211; 59100 ROubaix<\/p>\t\t\t\t\t\t\t\t<\/div>\n\t\t\t\t<\/div>\n\t\t\t\t<div class=\"elementor-element elementor-element-5c34e10 elementor-widget elementor-widget-heading\" data-id=\"5c34e10\" data-element_type=\"widget\" data-e-type=\"widget\" data-widget_type=\"heading.default\">\n\t\t\t\t<div class=\"elementor-widget-container\">\n\t\t\t\t\t<h2 class=\"elementor-heading-title elementor-size-default\">Les cookies<\/h2>\t\t\t\t<\/div>\n\t\t\t\t<\/div>\n\t\t\t\t<div class=\"elementor-element elementor-element-a0e6fed elementor-widget elementor-widget-text-editor\" data-id=\"a0e6fed\" data-element_type=\"widget\" data-e-type=\"widget\" data-widget_type=\"text-editor.default\">\n\t\t\t\t<div class=\"elementor-widget-container\">\n\t\t\t\t\t\t\t\t\tNous utilisons une fonctionnalit\u00e9 courante qui consiste \u00e0 installer un cookie sur votre navigateur. Il nous permet de vous reconna\u00eetre lors d\u2019une visite ult\u00e9rieure et de mieux appr\u00e9hender la qualit\u00e9 de la navigation sur notre site par les internautes.\t\t\t\t\t\t\t\t<\/div>\n\t\t\t\t<\/div>\n\t\t\t\t<div class=\"elementor-element elementor-element-2fc02d0 elementor-widget elementor-widget-heading\" data-id=\"2fc02d0\" data-element_type=\"widget\" data-e-type=\"widget\" data-widget_type=\"heading.default\">\n\t\t\t\t<div class=\"elementor-widget-container\">\n\t\t\t\t\t<h2 class=\"elementor-heading-title elementor-size-default\">Les conditions de r\u00e9servation<\/h2>\t\t\t\t<\/div>\n\t\t\t\t<\/div>\n\t\t\t\t<div class=\"elementor-element elementor-element-315cc9b elementor-widget elementor-widget-text-editor\" data-id=\"315cc9b\" data-element_type=\"widget\" data-e-type=\"widget\" data-widget_type=\"text-editor.default\">\n\t\t\t\t<div class=\"elementor-widget-container\">\n\t\t\t\t\t\t\t\t\t<p><strong>Conditions g\u00e9n\u00e9rales de r\u00e9servation\u00a0<\/strong><strong>pour un emplacement au camping municipal Grand Canyon \u00e0 La Palud sur Verdon.<\/strong><\/p>\n<p>La r\u00e9servation n\u2019est effective :<\/p>\n<p>1- Qu\u2019\u00e0 la r\u00e9ception d\u2019arrhes de 30% du montant total du s\u00e9jour.<br \/>2- Qu\u2019apr\u00e8s confirmation de notre part.<\/p>\n<p>Les arrhes seront retenues si l\u2019annulation \u00e9ventuelle de votre s\u00e9jour n\u2019est pas annonc\u00e9e par courrier au moins 20 jours avant la date de d\u00e9but de votre s\u00e9jour, indiqu\u00e9e sur votre contrat de r\u00e9servation ou lors de votre r\u00e9servation en ligne.<\/p>\n<p>L\u2019emplacement r\u00e9serv\u00e9 est libre \u00e0 partir de 12h00 le jour de l\u2019arriv\u00e9e et doit \u00eatre lib\u00e9r\u00e9 \u00e0 12h00 le jour du d\u00e9part.<\/p>\n<p>Si vous deviez retarder votre arriv\u00e9e, veuillez nous en aviser. Faute de quoi l\u2019emplacement ne restera libre que jusqu\u2019au lendemain 12h00 et nous conserverons les arrhes.<\/p>\n<p>Il n\u2019y aura aucune r\u00e9duction ou remboursement en cas d\u2019arriv\u00e9e retard\u00e9e ou d\u00e9part anticip\u00e9.<\/p>\t\t\t\t\t\t\t\t<\/div>\n\t\t\t\t<\/div>\n\t\t\t\t<div class=\"elementor-element elementor-element-57e9814 elementor-widget elementor-widget-heading\" data-id=\"57e9814\" data-element_type=\"widget\" data-e-type=\"widget\" data-widget_type=\"heading.default\">\n\t\t\t\t<div class=\"elementor-widget-container\">\n\t\t\t\t\t<h2 class=\"elementor-heading-title elementor-size-default\">Vos donn\u00e9es personnelles<\/h2>\t\t\t\t<\/div>\n\t\t\t\t<\/div>\n\t\t\t\t<div class=\"elementor-element elementor-element-910a2b9 elementor-widget elementor-widget-text-editor\" data-id=\"910a2b9\" data-element_type=\"widget\" data-e-type=\"widget\" data-widget_type=\"text-editor.default\">\n\t\t\t\t<div class=\"elementor-widget-container\">\n\t\t\t\t\t\t\t\t\t<p>Les informations recueillies font l\u2019objet d\u2019un traitement informatique. Les destinataires des donn\u00e9es sont exclusivement les personnes travaillant pour le camping Municipal Grand Canyon et les services administratifs de la commune de La Palud sur Verdon. Conform\u00e9ment \u00e0 la loi \u00ab informatique et libert\u00e9s \u00bb du 6 janvier 1978 modifi\u00e9e en 2004, vous b\u00e9n\u00e9ficiez d\u2019un droit d\u2019acc\u00e8s et de rectification aux informations qui vous concernent, que vous pouvez exercer en vous adressant au directeur de la publication. Vous pouvez \u00e9galement, pour des motifs l\u00e9gitimes, vous opposer au traitement des donn\u00e9es vous concernant.<\/p>\n<p>Les donn\u00e9es personnelles collect\u00e9es lors de vos demandes de renseignements ou de r\u00e9servations sont conserv\u00e9es durant une p\u00e9riode de\u00a0: 2 ans .<br \/>Pour toute question au sujet du traitement des donn\u00e9es personnelles vous pouvez nous contacter sur l&#8217;email pr\u00e9sent en page contact du pr\u00e9sent site internet.<\/p>\n<p>Les donn\u00e9es personnelles collect\u00e9es lors d&#8217;une r\u00e9servation sont utilis\u00e9es uniquement dans le cadre du traitement de votre demande. Elles ne sont en aucun cas transmises \u00e0 d&#8217;autres organismes.\u00a0<\/p>\t\t\t\t\t\t\t\t<\/div>\n\t\t\t\t<\/div>\n\t\t\t\t<div class=\"elementor-element elementor-element-2e66193 elementor-widget elementor-widget-heading\" data-id=\"2e66193\" data-element_type=\"widget\" data-e-type=\"widget\" data-widget_type=\"heading.default\">\n\t\t\t\t<div class=\"elementor-widget-container\">\n\t\t\t\t\t<h2 class=\"elementor-heading-title elementor-size-default\">Propri\u00e9t\u00e9 intellectuelle et droits<\/h2>\t\t\t\t<\/div>\n\t\t\t\t<\/div>\n\t\t\t\t<div class=\"elementor-element elementor-element-b615bed elementor-widget elementor-widget-text-editor\" data-id=\"b615bed\" data-element_type=\"widget\" data-e-type=\"widget\" data-widget_type=\"text-editor.default\">\n\t\t\t\t<div class=\"elementor-widget-container\">\n\t\t\t\t\t\t\t\t\t<p><u>Droits de propri\u00e9t\u00e9 intellectuelle :<\/u><br \/>L\u2019ensemble du contenu de ce site comme sa d\u00e9nomination sa pr\u00e9sentation et son contenu constituent une \u0153uvre originale prot\u00e9g\u00e9e par les lois en vigueur sur la propri\u00e9t\u00e9 intellectuelle, \u00e9dit\u00e9e par la mairie de La Palud sur Verdon.<br \/>Toute reproduction, repr\u00e9sentation, utilisation ou modification, par quelque proc\u00e9d\u00e9 que ce soit et sur quelque support que ce soit, de tout ou partie du site, de sa d\u00e9nomination, de tout ou partie des diff\u00e9rentes \u0153uvres et mod\u00e8les de produits qui le composent, sans avoir obtenu l\u2019autorisation pr\u00e9alable de<span style=\"color: #383838; font-family: Roboto, sans-serif; font-size: 16px; display: inline !important;\">\u00a0la mairie de La Palud sur Verdon<\/span>, est strictement interdite et constitue un d\u00e9lit de contrefa\u00e7on sanctionn\u00e9 par les articles L 335-2 et suivants du Code de la Propri\u00e9t\u00e9 Intellectuelle.\u00a0<\/p>\n<p><u>Informations et contenus\u00a0: <\/u><br \/>Les informations pr\u00e9sent\u00e9es et disponibles dans nos pages ne repr\u00e9sentent que nos avis et points de vue exprim\u00e9s \u00e0 la date de publication de chaque page. Elles peuvent pr\u00e9sent\u00e9es des inexactitudes et n\u2019ont comme objectif que de prodiguer des informations les plus compl\u00e8tes et utiles aux internautes. Nous nous r\u00e9servons le droit de les modifier ou supprimer sans pr\u00e9avis. Nous ne fournissons aucune garantie explicite ou implicite et ne saurions \u00eatre tenu pour responsable de quelque dommage pouvant r\u00e9sulter d\u2019une quelconque utilisation de ces informations. Toutes informations et \u00e9l\u00e9ments qui nous seront transmises, seront r\u00e9put\u00e9es comme non confidentielles.\u00a0<\/p>\t\t\t\t\t\t\t\t<\/div>\n\t\t\t\t<\/div>\n\t\t\t\t<div class=\"elementor-element elementor-element-30a0ae1 elementor-widget elementor-widget-heading\" data-id=\"30a0ae1\" data-element_type=\"widget\" data-e-type=\"widget\" data-widget_type=\"heading.default\">\n\t\t\t\t<div class=\"elementor-widget-container\">\n\t\t\t\t\t<h2 class=\"elementor-heading-title elementor-size-default\">Liens externes<\/h2>\t\t\t\t<\/div>\n\t\t\t\t<\/div>\n\t\t\t\t<div class=\"elementor-element elementor-element-68f40b8 elementor-widget elementor-widget-text-editor\" data-id=\"68f40b8\" data-element_type=\"widget\" data-e-type=\"widget\" data-widget_type=\"text-editor.default\">\n\t\t\t\t<div class=\"elementor-widget-container\">\n\t\t\t\t\t\t\t\t\tLe site pointe vers d&#8217;autres sites web. Le Camping municipal Grand Canyon ne peut en aucun cas \u00eatre tenu pour responsable des contenus et politique de confidentialit\u00e9 de ces sites. Le camping Municipal Grand Canyon ne saurait non plus \u00eatre tenu pour responsable d\u2019\u00e9ventuels dommages directs ou indirects qui d\u00e9couleraient de leur utilisation : en particulier de l\u2019acc\u00e8s \u00e0 ces sites et aux sites li\u00e9s \u00e0 ces sites, et des dommages, non limitatifs, pr\u00e9judices financier ou commercial, perte d\u2019exploitation, perte de donn\u00e9es, et cela m\u00eame si nous avons pu en \u00eatre avis\u00e9 pr\u00e9alablement.\t\t\t\t\t\t\t\t<\/div>\n\t\t\t\t<\/div>\n\t\t\t\t\t<\/div>\n\t\t\t\t<\/div>\n\t\t\t\t<\/div>\n\t\t","protected":false},"excerpt":{"rendered":"<p>Le Camping Municipal Grand Canyon &#8211; \u00e0 La Palud sur Verdon Qui sommes-nous\u00a0? Le Camping&#8230;<\/p>\n","protected":false},"author":1,"featured_media":0,"parent":0,"menu_order":0,"comment_status":"closed","ping_status":"open","template":"","meta":{"footnotes":""},"class_list":["post-3","page","type-page","status-publish","hentry"],"yoast_head":"<!-- This site is optimized with the Yoast SEO plugin v27.5 - https:\/\/yoast.com\/product\/yoast-seo-wordpress\/ -->\n<title>Politique de confidentialit\u00e9 - Camping municipal Grand Canyon<\/title>\n<meta name=\"robots\" content=\"index, follow, max-snippet:-1, max-image-preview:large, max-video-preview:-1\" \/>\n<link rel=\"canonical\" href=\"https:\/\/camping.lapaludsurverdon.com\/WP\/politique-de-confidentialite\/\" \/>\n<meta property=\"og:locale\" content=\"fr_FR\" \/>\n<meta property=\"og:type\" content=\"article\" \/>\n<meta property=\"og:title\" content=\"Politique de confidentialit\u00e9 - Camping municipal Grand Canyon\" \/>\n<meta property=\"og:description\" content=\"Le Camping Municipal Grand Canyon &#8211; \u00e0 La Palud sur Verdon Qui sommes-nous\u00a0? Le Camping...\" \/>\n<meta property=\"og:url\" content=\"https:\/\/camping.lapaludsurverdon.com\/WP\/politique-de-confidentialite\/\" \/>\n<meta property=\"og:site_name\" content=\"Camping municipal Grand Canyon\" \/>\n<meta property=\"article:modified_time\" content=\"2025-05-01T19:26:44+00:00\" \/>\n<meta name=\"twitter:card\" content=\"summary_large_image\" \/>\n<meta name=\"twitter:label1\" content=\"Dur\u00e9e de lecture estim\u00e9e\" \/>\n\t<meta name=\"twitter:data1\" content=\"4 minutes\" \/>\n<script type=\"application\/ld+json\" class=\"yoast-schema-graph\">{\"@context\":\"https:\\\/\\\/schema.org\",\"@graph\":[{\"@type\":\"WebPage\",\"@id\":\"https:\\\/\\\/camping.lapaludsurverdon.com\\\/WP\\\/politique-de-confidentialite\\\/\",\"url\":\"https:\\\/\\\/camping.lapaludsurverdon.com\\\/WP\\\/politique-de-confidentialite\\\/\",\"name\":\"Politique de confidentialit\u00e9 - Camping municipal Grand Canyon\",\"isPartOf\":{\"@id\":\"https:\\\/\\\/camping.lapaludsurverdon.com\\\/#website\"},\"datePublished\":\"2025-03-10T21:44:28+00:00\",\"dateModified\":\"2025-05-01T19:26:44+00:00\",\"breadcrumb\":{\"@id\":\"https:\\\/\\\/camping.lapaludsurverdon.com\\\/WP\\\/politique-de-confidentialite\\\/#breadcrumb\"},\"inLanguage\":\"fr-FR\",\"potentialAction\":[{\"@type\":\"ReadAction\",\"target\":[\"https:\\\/\\\/camping.lapaludsurverdon.com\\\/WP\\\/politique-de-confidentialite\\\/\"]}]},{\"@type\":\"BreadcrumbList\",\"@id\":\"https:\\\/\\\/camping.lapaludsurverdon.com\\\/WP\\\/politique-de-confidentialite\\\/#breadcrumb\",\"itemListElement\":[{\"@type\":\"ListItem\",\"position\":1,\"name\":\"Accueil\",\"item\":\"https:\\\/\\\/camping.lapaludsurverdon.com\\\/\"},{\"@type\":\"ListItem\",\"position\":2,\"name\":\"Politique de confidentialit\u00e9\"}]},{\"@type\":\"WebSite\",\"@id\":\"https:\\\/\\\/camping.lapaludsurverdon.com\\\/#website\",\"url\":\"https:\\\/\\\/camping.lapaludsurverdon.com\\\/\",\"name\":\"Camping municipal Grand Canyon\",\"description\":\"Un camping au c\u0153ur des Gorges du Verdon\",\"publisher\":{\"@id\":\"https:\\\/\\\/camping.lapaludsurverdon.com\\\/#organization\"},\"potentialAction\":[{\"@type\":\"SearchAction\",\"target\":{\"@type\":\"EntryPoint\",\"urlTemplate\":\"https:\\\/\\\/camping.lapaludsurverdon.com\\\/?s={search_term_string}\"},\"query-input\":{\"@type\":\"PropertyValueSpecification\",\"valueRequired\":true,\"valueName\":\"search_term_string\"}}],\"inLanguage\":\"fr-FR\"},{\"@type\":\"Organization\",\"@id\":\"https:\\\/\\\/camping.lapaludsurverdon.com\\\/#organization\",\"name\":\"Camping municipal Grand Canyon\",\"url\":\"https:\\\/\\\/camping.lapaludsurverdon.com\\\/\",\"logo\":{\"@type\":\"ImageObject\",\"inLanguage\":\"fr-FR\",\"@id\":\"https:\\\/\\\/camping.lapaludsurverdon.com\\\/#\\\/schema\\\/logo\\\/image\\\/\",\"url\":\"https:\\\/\\\/camping.lapaludsurverdon.com\\\/WP\\\/wp-content\\\/uploads\\\/2025\\\/03\\\/cropped-Logo-Camping.png\",\"contentUrl\":\"https:\\\/\\\/camping.lapaludsurverdon.com\\\/WP\\\/wp-content\\\/uploads\\\/2025\\\/03\\\/cropped-Logo-Camping.png\",\"width\":74,\"height\":74,\"caption\":\"Camping municipal Grand Canyon\"},\"image\":{\"@id\":\"https:\\\/\\\/camping.lapaludsurverdon.com\\\/#\\\/schema\\\/logo\\\/image\\\/\"}}]}<\/script>\n<!-- \/ Yoast SEO plugin. -->","yoast_head_json":{"title":"Politique de confidentialit\u00e9 - Camping municipal Grand Canyon","robots":{"index":"index","follow":"follow","max-snippet":"max-snippet:-1","max-image-preview":"max-image-preview:large","max-video-preview":"max-video-preview:-1"},"canonical":"https:\/\/camping.lapaludsurverdon.com\/WP\/politique-de-confidentialite\/","og_locale":"fr_FR","og_type":"article","og_title":"Politique de confidentialit\u00e9 - Camping municipal Grand Canyon","og_description":"Le Camping Municipal Grand Canyon &#8211; \u00e0 La Palud sur Verdon Qui sommes-nous\u00a0? Le Camping...","og_url":"https:\/\/camping.lapaludsurverdon.com\/WP\/politique-de-confidentialite\/","og_site_name":"Camping municipal Grand Canyon","article_modified_time":"2025-05-01T19:26:44+00:00","twitter_card":"summary_large_image","twitter_misc":{"Dur\u00e9e de lecture estim\u00e9e":"4 minutes"},"schema":{"@context":"https:\/\/schema.org","@graph":[{"@type":"WebPage","@id":"https:\/\/camping.lapaludsurverdon.com\/WP\/politique-de-confidentialite\/","url":"https:\/\/camping.lapaludsurverdon.com\/WP\/politique-de-confidentialite\/","name":"Politique de confidentialit\u00e9 - Camping municipal Grand Canyon","isPartOf":{"@id":"https:\/\/camping.lapaludsurverdon.com\/#website"},"datePublished":"2025-03-10T21:44:28+00:00","dateModified":"2025-05-01T19:26:44+00:00","breadcrumb":{"@id":"https:\/\/camping.lapaludsurverdon.com\/WP\/politique-de-confidentialite\/#breadcrumb"},"inLanguage":"fr-FR","potentialAction":[{"@type":"ReadAction","target":["https:\/\/camping.lapaludsurverdon.com\/WP\/politique-de-confidentialite\/"]}]},{"@type":"BreadcrumbList","@id":"https:\/\/camping.lapaludsurverdon.com\/WP\/politique-de-confidentialite\/#breadcrumb","itemListElement":[{"@type":"ListItem","position":1,"name":"Accueil","item":"https:\/\/camping.lapaludsurverdon.com\/"},{"@type":"ListItem","position":2,"name":"Politique de confidentialit\u00e9"}]},{"@type":"WebSite","@id":"https:\/\/camping.lapaludsurverdon.com\/#website","url":"https:\/\/camping.lapaludsurverdon.com\/","name":"Camping municipal Grand Canyon","description":"Un camping au c\u0153ur des Gorges du Verdon","publisher":{"@id":"https:\/\/camping.lapaludsurverdon.com\/#organization"},"potentialAction":[{"@type":"SearchAction","target":{"@type":"EntryPoint","urlTemplate":"https:\/\/camping.lapaludsurverdon.com\/?s={search_term_string}"},"query-input":{"@type":"PropertyValueSpecification","valueRequired":true,"valueName":"search_term_string"}}],"inLanguage":"fr-FR"},{"@type":"Organization","@id":"https:\/\/camping.lapaludsurverdon.com\/#organization","name":"Camping municipal Grand Canyon","url":"https:\/\/camping.lapaludsurverdon.com\/","logo":{"@type":"ImageObject","inLanguage":"fr-FR","@id":"https:\/\/camping.lapaludsurverdon.com\/#\/schema\/logo\/image\/","url":"https:\/\/camping.lapaludsurverdon.com\/WP\/wp-content\/uploads\/2025\/03\/cropped-Logo-Camping.png","contentUrl":"https:\/\/camping.lapaludsurverdon.com\/WP\/wp-content\/uploads\/2025\/03\/cropped-Logo-Camping.png","width":74,"height":74,"caption":"Camping municipal Grand Canyon"},"image":{"@id":"https:\/\/camping.lapaludsurverdon.com\/#\/schema\/logo\/image\/"}}]}},"_links":{"self":[{"href":"https:\/\/camping.lapaludsurverdon.com\/WP\/wp-json\/wp\/v2\/pages\/3","targetHints":{"allow":["GET"]}}],"collection":[{"href":"https:\/\/camping.lapaludsurverdon.com\/WP\/wp-json\/wp\/v2\/pages"}],"about":[{"href":"https:\/\/camping.lapaludsurverdon.com\/WP\/wp-json\/wp\/v2\/types\/page"}],"author":[{"embeddable":true,"href":"https:\/\/camping.lapaludsurverdon.com\/WP\/wp-json\/wp\/v2\/users\/1"}],"replies":[{"embeddable":true,"href":"https:\/\/camping.lapaludsurverdon.com\/WP\/wp-json\/wp\/v2\/comments?post=3"}],"version-history":[{"count":9,"href":"https:\/\/camping.lapaludsurverdon.com\/WP\/wp-json\/wp\/v2\/pages\/3\/revisions"}],"predecessor-version":[{"id":1592,"href":"https:\/\/camping.lapaludsurverdon.com\/WP\/wp-json\/wp\/v2\/pages\/3\/revisions\/1592"}],"wp:attachment":[{"href":"https:\/\/camping.lapaludsurverdon.com\/WP\/wp-json\/wp\/v2\/media?parent=3"}],"curies":[{"name":"wp","href":"https:\/\/api.w.org\/{rel}","templated":true}]}}