{"id":515,"date":"2025-01-09T17:30:10","date_gmt":"2025-01-09T17:30:10","guid":{"rendered":"https:\/\/webredox.net\/demo\/wp\/bycamp\/?page_id=515"},"modified":"2025-05-01T21:53:11","modified_gmt":"2025-05-01T19:53:11","slug":"territoire-la-palud-sur-verdon","status":"publish","type":"page","link":"https:\/\/camping.lapaludsurverdon.com\/WP\/territoire-la-palud-sur-verdon\/","title":{"rendered":"Territoire La Palud sur Verdon"},"content":{"rendered":"\t\t<div data-elementor-type=\"wp-page\" data-elementor-id=\"515\" class=\"elementor elementor-515\">\n\t\t\t\t<div class=\"elementor-element elementor-element-44ea8f23 e-con-full e-flex e-con e-parent\" data-id=\"44ea8f23\" data-element_type=\"container\" data-e-type=\"container\">\n\t\t\t\t<div class=\"elementor-element elementor-element-57d3c2f0 elementor-widget elementor-widget-bycamp-banner-simple\" data-id=\"57d3c2f0\" data-element_type=\"widget\" data-e-type=\"widget\" data-widget_type=\"bycamp-banner-simple.default\">\n\t\t\t\t<div class=\"elementor-widget-container\">\n\t\t\t\t\t\t\t\t\t<div class=\"banner-header  section-padding valign bg-img bg-img-c bg-fixed bg-position-center\" data-overlay-dark=\"3\" data-background=\"http:\/\/camping.lapaludsurverdon.com\/WP\/wp-content\/uploads\/2025\/03\/la-palud-village-09-38-scaled.jpg\">\n\t\t\t<div class=\"container\">\n\t\t\t\t<div class=\"row justify-content-center\">\n\t\t\t\t\t<div class=\"col-lg-10 offset-md-0 col-md-12 \">\n\t\t\t\t\t\t\t\t\t\t\t\t<h1 class=\"bc-inner-bheader-title\">Visites et d\u00e9couvertes du territoire au d\u00e9part du camping Grand canyon \u00e0 La Palud sur Verdon<\/h1>\n\t\t\t\t\t\t\t\t\t\t\t\t\t\t\t\t\t\t\t\t\t\t\t\t\t\t\t\t\t<\/div>\n\t\t\t\t<\/div>\n\t\t\t<\/div>\n\t\t<\/div>\n\t\t\t\t\t<\/div>\n\t\t\t\t<\/div>\n\t\t\t\t<\/div>\n\t\t<div class=\"elementor-element elementor-element-07a9036 e-flex e-con-boxed e-con e-parent\" data-id=\"07a9036\" data-element_type=\"container\" data-e-type=\"container\" data-settings=\"{&quot;background_background&quot;:&quot;classic&quot;}\">\n\t\t\t\t\t<div class=\"e-con-inner\">\n\t\t<div class=\"elementor-element elementor-element-9f6a69a e-con-full e-flex e-con e-child\" data-id=\"9f6a69a\" data-element_type=\"container\" data-e-type=\"container\">\n\t\t\t\t<div class=\"elementor-element elementor-element-0bffddf elementor-widget elementor-widget-heading\" data-id=\"0bffddf\" data-element_type=\"widget\" data-e-type=\"widget\" data-widget_type=\"heading.default\">\n\t\t\t\t<div class=\"elementor-widget-container\">\n\t\t\t\t\t<h2 class=\"elementor-heading-title elementor-size-default\">Le patrimoine historique, culturel et humain \u00e0 la Palud sur Verdon<\/h2>\t\t\t\t<\/div>\n\t\t\t\t<\/div>\n\t\t\t\t<div class=\"elementor-element elementor-element-6807071 elementor-widget elementor-widget-text-editor\" data-id=\"6807071\" data-element_type=\"widget\" data-e-type=\"widget\" data-widget_type=\"text-editor.default\">\n\t\t\t\t<div class=\"elementor-widget-container\">\n\t\t\t\t\t\t\t\t\t<p>Le camping du Grand Canyon, situ\u00e9 sur la commune de La Palud sur Verdon, se niche en plein coeur des Gorges du Verdon dans le Parc Naturel R\u00e9gional du Verdon. Un territoire, c&#8217;est un patrimoine historique, culturel et humain. Nous vous proposons de visiter les lieux les plus embl\u00e9matiques de notre territoire.\u00a0<\/p>\t\t\t\t\t\t\t\t<\/div>\n\t\t\t\t<\/div>\n\t\t\t\t<\/div>\n\t\t<div class=\"elementor-element elementor-element-3a6de0b e-con-full e-flex e-con e-child\" data-id=\"3a6de0b\" data-element_type=\"container\" data-e-type=\"container\">\n\t\t<div class=\"elementor-element elementor-element-70da0ab e-con-full e-flex elementor-invisible e-con e-child\" data-id=\"70da0ab\" data-element_type=\"container\" data-e-type=\"container\" data-settings=\"{&quot;animation&quot;:&quot;fadeInLeft&quot;}\">\n\t\t\t\t<div class=\"elementor-element elementor-element-a64119d elementor-widget elementor-widget-bycamp-image-block\" data-id=\"a64119d\" data-element_type=\"widget\" data-e-type=\"widget\" data-widget_type=\"bycamp-image-block.default\">\n\t\t\t\t<div class=\"elementor-widget-container\">\n\t\t\t\t\t\t\t\t\t<div class=\"activities1\">\r\n\t\t\t<div class=\"item\"> \r\n\t\t\t\t<img decoding=\"async\" src=\"http:\/\/camping.lapaludsurverdon.com\/WP\/wp-content\/uploads\/2025\/03\/ecomusee-scaled.jpg\" class=\"img-fluid\" alt=\"\u00e9co-mus\u00e9e des Gorges du Verdon\">\r\n                <div class=\"cont\">\r\n                    <div class=\"text\">\r\n\t\t\t\t\t<h4 class=\"bc-img-box-title\"><a href=\"https:\/\/lapaludsurverdon.com\/ecomusee_gorgesduverdon.html\" target=\"_blank\">\u00e9co-mus\u00e9e des Gorges du Verdon<\/a><\/h4>\r\n                                            \t<p>L&#039;\u00e9co-mus\u00e9e des Gorges du Verdon se trouve dans le Ch\u00e2teau de La Palud sur Verdon. \nSa mission est d&#039;informer et de sensibiliser les visiteurs sur les particularit\u00e9s de la nature du territoire des Gorges du Verdon, afin de mieux le conna\u00eetre et le pr\u00e9server.\n\nPetits et grands peuvent suivre le fil du Verdon : des sommets jusqu&#039;au Grand Canyon en passant par les alpages et les plateaux. L&#039;espace vous propose, au gr\u00e9 de la visite, la d\u00e9couverte de l&#039;homme en relation \u00e9troite avec la nature. Ticket d&#039;entr\u00e9e en vente \u00e0 l&#039;office de tourisme.<\/p>\r\n\t\t\t\t\t\t                    <\/div>\r\n\t\t\t\t\t\t\r\n\t\t\t\t\t\t\t\t\t\t<div class=\"icon\">\r\n                        <a href=\"https:\/\/lapaludsurverdon.com\/ecomusee_gorgesduverdon.html\" target=\"_blank\" class=\"arrow\">\r\n                             <div class=\"icon-w\"> \r\n\t\t\t\t\t\t\t\t<i class=\"fa-light fa-map icon-show\"><\/i> \r\n\t\t\t\t\t\t\t \t<i class=\"ti-arrow-top-right icon-hidden\"><\/i> \r\n\t\t\t\t\t\t\t<\/div>\r\n                        <\/a>\r\n                    <\/div>\r\n\t\t\t\t\t\t\t\t\t\t                <\/div>\r\n            <\/div>\r\n        <\/div>\r\n        \t\t\t\t\t\t<\/div>\n\t\t\t\t<\/div>\n\t\t\t\t<\/div>\n\t\t<div class=\"elementor-element elementor-element-b6dd9ec e-con-full e-flex e-con e-child\" data-id=\"b6dd9ec\" data-element_type=\"container\" data-e-type=\"container\" data-settings=\"{&quot;animation&quot;:&quot;none&quot;}\">\n\t\t\t\t<div class=\"elementor-element elementor-element-3afd925 elementor-widget elementor-widget-bycamp-image-block\" data-id=\"3afd925\" data-element_type=\"widget\" data-e-type=\"widget\" data-widget_type=\"bycamp-image-block.default\">\n\t\t\t\t<div class=\"elementor-widget-container\">\n\t\t\t\t\t\t\t\t\t<div class=\"activities1\">\r\n\t\t\t<div class=\"item\"> \r\n\t\t\t\t<img decoding=\"async\" src=\"http:\/\/camping.lapaludsurverdon.com\/WP\/wp-content\/uploads\/2025\/03\/chateauneuf-scaled.jpg\" class=\"img-fluid\" alt=\"Village abandonn\u00e9 de Ch\u00e2teauneuf les Moustiers\">\r\n                <div class=\"cont\">\r\n                    <div class=\"text\">\r\n\t\t\t\t\t<h4 class=\"bc-img-box-title\"><a href=\"https:\/\/lapaludsurverdon.com\/images\/histoire\/histoire.pdf\" target=\"_blank\">Ch\u00e2teauneuf les Moustiers<\/a><\/h4>\r\n                                            \t<p>En cheminant sur le sentier de d\u00e9couverte de Ch\u00e2teauneuf les Moustiers, vous remonterez le fil de l&#039;histoire de ce merveilleux village abandonn\u00e9. De nombreux vestiges subsistent : de l&#039;\u00e9glise, du ch\u00e2teau du XII\u00e8me, du ch\u00e2teau du XIV\u00e8me, de la maison du tisserand et du mar\u00e9chal ferrant, de la mairie, de l&#039;ancienne \u00e9curie, de 2 \u00e9coles du XIX\u00e8me et du presbyt\u00e8re.  Ne vous privez pas d&#039;informations historiques, achetez le livret de d\u00e9couverte en vente au tarif de 5 \u20ac \u00e0 l&#039;office de tourisme dans le ch\u00e2teau de La Palud sur Verdon.<\/p>\r\n\t\t\t\t\t\t                    <\/div>\r\n\t\t\t\t\t\t\r\n\t\t\t\t\t\t\t\t\t\t<div class=\"icon\">\r\n                        <a href=\"https:\/\/lapaludsurverdon.com\/images\/histoire\/histoire.pdf\" target=\"_blank\" class=\"arrow\">\r\n                             <div class=\"icon-w\"> \r\n\t\t\t\t\t\t\t\t<i class=\"fa-light fa-map icon-show\"><\/i> \r\n\t\t\t\t\t\t\t \t<i class=\"ti-arrow-top-right icon-hidden\"><\/i> \r\n\t\t\t\t\t\t\t<\/div>\r\n                        <\/a>\r\n                    <\/div>\r\n\t\t\t\t\t\t\t\t\t\t                <\/div>\r\n            <\/div>\r\n        <\/div>\r\n        \t\t\t\t\t\t<\/div>\n\t\t\t\t<\/div>\n\t\t\t\t<\/div>\n\t\t<div class=\"elementor-element elementor-element-4156a19 e-con-full e-flex elementor-invisible e-con e-child\" data-id=\"4156a19\" data-element_type=\"container\" data-e-type=\"container\" data-settings=\"{&quot;animation&quot;:&quot;fadeInRight&quot;}\">\n\t\t\t\t<div class=\"elementor-element elementor-element-07662ef elementor-widget elementor-widget-bycamp-image-block\" data-id=\"07662ef\" data-element_type=\"widget\" data-e-type=\"widget\" data-widget_type=\"bycamp-image-block.default\">\n\t\t\t\t<div class=\"elementor-widget-container\">\n\t\t\t\t\t\t\t\t\t<div class=\"activities1\">\r\n\t\t\t<div class=\"item\"> \r\n\t\t\t\t<img decoding=\"async\" src=\"http:\/\/camping.lapaludsurverdon.com\/WP\/wp-content\/uploads\/2025\/03\/Le-lavoir-scaled.jpg\" class=\"img-fluid\" alt=\"Le lavoir La Palud sur Verdon\">\r\n                <div class=\"cont\">\r\n                    <div class=\"text\">\r\n\t\t\t\t\t<h4 class=\"bc-img-box-title\"><a href=\"https:\/\/lapaludsurverdon.com\/histoire_lapaludsurverdon.html\" target=\"_blank\">Le patrimoine de La Palud sur Verdon<\/a><\/h4>\r\n                                            \t<p>Au fil de votre d\u00e9ambulation dans le village de La Palud sur Verdon, vous croiserez des t\u00e9moignages de l&#039;histoire : le lavoir sur la place de la plus haute Fontaine, l&#039;\u00e9glise construite au  XIX\u00e8me et son clocher class\u00e9 qui date du XI\u00e8me, la fontaine sur la place de l&#039;\u00e9glise et bien s\u00fbr son ch\u00e2teau construit entre le XVII\u00e8me et le XVIII\u00e8me . Si vous \u00eates curieux, rendez-vous aux Chauvets, un hameau \u00e0 11 km au nord du village, pour voir son \u00e9glise qui date du XVIII\u00e8me. Pour plus d&#039;informations visitez l&#039;office du tourisme.<\/p>\r\n\t\t\t\t\t\t                    <\/div>\r\n\t\t\t\t\t\t\r\n\t\t\t\t\t\t\t\t\t\t<div class=\"icon\">\r\n                        <a href=\"https:\/\/lapaludsurverdon.com\/histoire_lapaludsurverdon.html\" target=\"_blank\" class=\"arrow\">\r\n                             <div class=\"icon-w\"> \r\n\t\t\t\t\t\t\t\t<i class=\"fa-light fa-map icon-show\"><\/i> \r\n\t\t\t\t\t\t\t \t<i class=\"ti-arrow-top-right icon-hidden\"><\/i> \r\n\t\t\t\t\t\t\t<\/div>\r\n                        <\/a>\r\n                    <\/div>\r\n\t\t\t\t\t\t\t\t\t\t                <\/div>\r\n            <\/div>\r\n        <\/div>\r\n        \t\t\t\t\t\t<\/div>\n\t\t\t\t<\/div>\n\t\t\t\t<\/div>\n\t\t\t\t<\/div>\n\t\t<div class=\"elementor-element elementor-element-5cdab52 e-con-full e-flex e-con e-child\" data-id=\"5cdab52\" data-element_type=\"container\" data-e-type=\"container\">\n\t\t<div class=\"elementor-element elementor-element-f10a032 e-con-full e-flex elementor-invisible e-con e-child\" data-id=\"f10a032\" data-element_type=\"container\" data-e-type=\"container\" data-settings=\"{&quot;animation&quot;:&quot;fadeInLeft&quot;}\">\n\t\t\t\t<div class=\"elementor-element elementor-element-55dbdbf elementor-widget elementor-widget-bycamp-image-block\" data-id=\"55dbdbf\" data-element_type=\"widget\" data-e-type=\"widget\" data-widget_type=\"bycamp-image-block.default\">\n\t\t\t\t<div class=\"elementor-widget-container\">\n\t\t\t\t\t\t\t\t\t<div class=\"activities1\">\r\n\t\t\t<div class=\"item\"> \r\n\t\t\t\t<img decoding=\"async\" src=\"http:\/\/camping.lapaludsurverdon.com\/WP\/wp-content\/uploads\/2025\/03\/route-des-cretes-scaled.jpg\" class=\"img-fluid\" alt=\"La route des Cr\u00eates longe le grand canyon du Verdon\">\r\n                <div class=\"cont\">\r\n                    <div class=\"text\">\r\n\t\t\t\t\t<h4 class=\"bc-img-box-title\"><a >Route des Cr\u00eates et Grand Canyon<\/a><\/h4>\r\n                                            \t<p>La Route des Cr\u00eates est une boucle de 23 km qui d\u00e9marre \u00e0 1.5 km \u00e0 l&#039;est de La Palud. Elle serpente le long du Grand Canyon du Verdon d&#039;une profondeur pouvant atteindre 700m. Fa\u00eetes une pause aux 17 belv\u00e9d\u00e8res surplombant le plus Grand Canyon d&#039;Europe, profitez des 17 points de vue exceptionnels sur le Verdon.\nAssistez au ballet des vautours, rencontrez les grimpeurs qui escaladent les voies mythiques du Verdon. Embrassez des paysages uniques. Pensez \u00e0 acheter le livret touristique \u00e0 l&#039;office de tourisme au prix de 5 \u20ac.<\/p>\r\n\t\t\t\t\t\t                    <\/div>\r\n\t\t\t\t\t\t\r\n\t\t\t\t\t\t\t\t\t\t<div class=\"icon\">\r\n                        <a  class=\"arrow\">\r\n                             <div class=\"icon-w\"> \r\n\t\t\t\t\t\t\t\t<i class=\"fa-light fa-map icon-show\"><\/i> \r\n\t\t\t\t\t\t\t \t<i class=\"ti-arrow-top-right icon-hidden\"><\/i> \r\n\t\t\t\t\t\t\t<\/div>\r\n                        <\/a>\r\n                    <\/div>\r\n\t\t\t\t\t\t\t\t\t\t                <\/div>\r\n            <\/div>\r\n        <\/div>\r\n        \t\t\t\t\t\t<\/div>\n\t\t\t\t<\/div>\n\t\t\t\t<\/div>\n\t\t<div class=\"elementor-element elementor-element-d195f0e e-con-full e-flex e-con e-child\" data-id=\"d195f0e\" data-element_type=\"container\" data-e-type=\"container\" data-settings=\"{&quot;animation&quot;:&quot;none&quot;}\">\n\t\t\t\t<div class=\"elementor-element elementor-element-81bbd40 elementor-widget elementor-widget-bycamp-image-block\" data-id=\"81bbd40\" data-element_type=\"widget\" data-e-type=\"widget\" data-widget_type=\"bycamp-image-block.default\">\n\t\t\t\t<div class=\"elementor-widget-container\">\n\t\t\t\t\t\t\t\t\t<div class=\"activities1\">\r\n\t\t\t<div class=\"item\"> \r\n\t\t\t\t<img decoding=\"async\" src=\"http:\/\/camping.lapaludsurverdon.com\/WP\/wp-content\/uploads\/2025\/03\/Saint-Maurin-scaled.jpg\" class=\"img-fluid\" alt=\"La r\u00e9serve g\u00e9ologique de Saint Maurin\">\r\n                <div class=\"cont\">\r\n                    <div class=\"text\">\r\n\t\t\t\t\t<h4 class=\"bc-img-box-title\"><a href=\"https:\/\/lapaludsurverdon.com\/reserve_saintmaurin_verdon.html\" target=\"_blank\">R\u00e9serve naturelle r\u00e9gionale de Saint maurin<\/a><\/h4>\r\n                                            \t<p>Sur la rive droite du Verdon, Saint Maurin est un site naturel exceptionnel d\u2019int\u00e9r\u00eat patrimonial majeur \u00e0 plusieurs titres : paysager, environnemental, \u00e9cologique et historique. \nDes cascades spectaculaires, des richesses g\u00e9ologiques (tufs, r\u00e9surgences\u2026), floristiques (habitats prioritaires d\u2019int\u00e9r\u00eat communautaire) et faunistique (insecte, avifaune, chauve-souris en particulier), une occupation humaine pouvant remonter au 5e si\u00e8cle et des am\u00e9nagements troglodytes constituent la richesse du site.<\/p>\r\n\t\t\t\t\t\t                    <\/div>\r\n\t\t\t\t\t\t\r\n\t\t\t\t\t\t\t\t\t\t<div class=\"icon\">\r\n                        <a href=\"https:\/\/lapaludsurverdon.com\/reserve_saintmaurin_verdon.html\" target=\"_blank\" class=\"arrow\">\r\n                             <div class=\"icon-w\"> \r\n\t\t\t\t\t\t\t\t<i class=\"fa-light fa-map icon-show\"><\/i> \r\n\t\t\t\t\t\t\t \t<i class=\"ti-arrow-top-right icon-hidden\"><\/i> \r\n\t\t\t\t\t\t\t<\/div>\r\n                        <\/a>\r\n                    <\/div>\r\n\t\t\t\t\t\t\t\t\t\t                <\/div>\r\n            <\/div>\r\n        <\/div>\r\n        \t\t\t\t\t\t<\/div>\n\t\t\t\t<\/div>\n\t\t\t\t<\/div>\n\t\t<div class=\"elementor-element elementor-element-1aa2049 e-con-full e-flex elementor-invisible e-con e-child\" data-id=\"1aa2049\" data-element_type=\"container\" data-e-type=\"container\" data-settings=\"{&quot;animation&quot;:&quot;fadeInRight&quot;}\">\n\t\t\t\t<div class=\"elementor-element elementor-element-6a352de elementor-widget elementor-widget-bycamp-image-block\" data-id=\"6a352de\" data-element_type=\"widget\" data-e-type=\"widget\" data-widget_type=\"bycamp-image-block.default\">\n\t\t\t\t<div class=\"elementor-widget-container\">\n\t\t\t\t\t\t\t\t\t<div class=\"activities1\">\r\n\t\t\t<div class=\"item\"> \r\n\t\t\t\t<img decoding=\"async\" src=\"http:\/\/camping.lapaludsurverdon.com\/WP\/wp-content\/uploads\/2025\/03\/patrimoine-scaled.jpg\" class=\"img-fluid\" alt=\"Pastoralisme, agriculture et artisanat\">\r\n                <div class=\"cont\">\r\n                    <div class=\"text\">\r\n\t\t\t\t\t<h4 class=\"bc-img-box-title\"><a >Pastoralisme, agriculture, artisanat<\/a><\/h4>\r\n                                            \t<p>Le pastoralisme est une activit\u00e9 historiquement ancr\u00e9e sur le territoire de La Palud, les troupeaux de brebis, ch\u00e8vres, vaches et porcs paissent sur le territoire. De petites exploitations mara\u00eech\u00e8res sont \u00e9galement install\u00e9es au village. A La Palud, on transforme aussi la richesse floristique du territoire en cosm\u00e9tiques et on produit des miels de tr\u00e8s grande qualit\u00e9. L&#039;artisanat est \u00e9galement tr\u00e8s d\u00e9velopp\u00e9 : potiers, cr\u00e9ateurs de bijoux ou carnets. Ces produits sont en vente au Panier du Verdon ou sur le march\u00e9 le dimanche matin. <\/p>\r\n\t\t\t\t\t\t                    <\/div>\r\n\t\t\t\t\t\t\r\n\t\t\t\t\t\t\t\t\t\t<div class=\"icon\">\r\n                        <a  class=\"arrow\">\r\n                             <div class=\"icon-w\"> \r\n\t\t\t\t\t\t\t\t<i class=\"fa-light fa-map icon-show\"><\/i> \r\n\t\t\t\t\t\t\t \t<i class=\"ti-arrow-top-right icon-hidden\"><\/i> \r\n\t\t\t\t\t\t\t<\/div>\r\n                        <\/a>\r\n                    <\/div>\r\n\t\t\t\t\t\t\t\t\t\t                <\/div>\r\n            <\/div>\r\n        <\/div>\r\n        \t\t\t\t\t\t<\/div>\n\t\t\t\t<\/div>\n\t\t\t\t<\/div>\n\t\t\t\t<\/div>\n\t\t\t\t\t<\/div>\n\t\t\t\t<\/div>\n\t\t\t\t<\/div>\n\t\t","protected":false},"excerpt":{"rendered":"<p>Visites et d\u00e9couvertes du territoire au d\u00e9part du camping Grand canyon \u00e0 La Palud sur&#8230;<\/p>\n","protected":false},"author":1,"featured_media":0,"parent":0,"menu_order":0,"comment_status":"closed","ping_status":"closed","template":"","meta":{"footnotes":""},"class_list":["post-515","page","type-page","status-publish","hentry"],"yoast_head":"<!-- This site is optimized with the Yoast SEO plugin v27.5 - https:\/\/yoast.com\/product\/yoast-seo-wordpress\/ -->\n<title>Territoire La Palud sur Verdon<\/title>\n<meta name=\"description\" content=\"Au d\u00e9part du camping municipal Grand Canyon vous pourrez d\u00e9couvrir le patrimoine historique, culturel et humain de La Palud sur Verdon.\" \/>\n<meta name=\"robots\" content=\"index, follow, max-snippet:-1, max-image-preview:large, max-video-preview:-1\" \/>\n<link rel=\"canonical\" href=\"https:\/\/camping.lapaludsurverdon.com\/WP\/territoire-la-palud-sur-verdon\/\" \/>\n<meta property=\"og:locale\" content=\"fr_FR\" \/>\n<meta property=\"og:type\" content=\"article\" \/>\n<meta property=\"og:title\" content=\"Territoire La Palud sur Verdon\" \/>\n<meta property=\"og:description\" content=\"Au d\u00e9part du camping municipal Grand Canyon vous pourrez d\u00e9couvrir le patrimoine historique, culturel et humain de La Palud sur Verdon.\" \/>\n<meta property=\"og:url\" content=\"https:\/\/camping.lapaludsurverdon.com\/WP\/territoire-la-palud-sur-verdon\/\" \/>\n<meta property=\"og:site_name\" content=\"Camping municipal Grand Canyon\" \/>\n<meta property=\"article:modified_time\" content=\"2025-05-01T19:53:11+00:00\" \/>\n<meta property=\"og:image\" content=\"http:\/\/camping.lapaludsurverdon.com\/WP\/wp-content\/uploads\/2025\/03\/ecomusee-scaled.jpg\" \/>\n<meta name=\"twitter:card\" content=\"summary_large_image\" \/>\n<meta name=\"twitter:label1\" content=\"Dur\u00e9e de lecture estim\u00e9e\" \/>\n\t<meta name=\"twitter:data1\" content=\"5 minutes\" \/>\n<script type=\"application\/ld+json\" class=\"yoast-schema-graph\">{\"@context\":\"https:\\\/\\\/schema.org\",\"@graph\":[{\"@type\":\"WebPage\",\"@id\":\"https:\\\/\\\/camping.lapaludsurverdon.com\\\/WP\\\/territoire-la-palud-sur-verdon\\\/\",\"url\":\"https:\\\/\\\/camping.lapaludsurverdon.com\\\/WP\\\/territoire-la-palud-sur-verdon\\\/\",\"name\":\"Territoire La Palud sur Verdon\",\"isPartOf\":{\"@id\":\"https:\\\/\\\/camping.lapaludsurverdon.com\\\/#website\"},\"primaryImageOfPage\":{\"@id\":\"https:\\\/\\\/camping.lapaludsurverdon.com\\\/WP\\\/territoire-la-palud-sur-verdon\\\/#primaryimage\"},\"image\":{\"@id\":\"https:\\\/\\\/camping.lapaludsurverdon.com\\\/WP\\\/territoire-la-palud-sur-verdon\\\/#primaryimage\"},\"thumbnailUrl\":\"http:\\\/\\\/camping.lapaludsurverdon.com\\\/WP\\\/wp-content\\\/uploads\\\/2025\\\/03\\\/ecomusee-scaled.jpg\",\"datePublished\":\"2025-01-09T17:30:10+00:00\",\"dateModified\":\"2025-05-01T19:53:11+00:00\",\"description\":\"Au d\u00e9part du camping municipal Grand Canyon vous pourrez d\u00e9couvrir le patrimoine historique, culturel et humain de La Palud sur Verdon.\",\"breadcrumb\":{\"@id\":\"https:\\\/\\\/camping.lapaludsurverdon.com\\\/WP\\\/territoire-la-palud-sur-verdon\\\/#breadcrumb\"},\"inLanguage\":\"fr-FR\",\"potentialAction\":[{\"@type\":\"ReadAction\",\"target\":[\"https:\\\/\\\/camping.lapaludsurverdon.com\\\/WP\\\/territoire-la-palud-sur-verdon\\\/\"]}]},{\"@type\":\"ImageObject\",\"inLanguage\":\"fr-FR\",\"@id\":\"https:\\\/\\\/camping.lapaludsurverdon.com\\\/WP\\\/territoire-la-palud-sur-verdon\\\/#primaryimage\",\"url\":\"http:\\\/\\\/camping.lapaludsurverdon.com\\\/WP\\\/wp-content\\\/uploads\\\/2025\\\/03\\\/ecomusee-scaled.jpg\",\"contentUrl\":\"http:\\\/\\\/camping.lapaludsurverdon.com\\\/WP\\\/wp-content\\\/uploads\\\/2025\\\/03\\\/ecomusee-scaled.jpg\"},{\"@type\":\"BreadcrumbList\",\"@id\":\"https:\\\/\\\/camping.lapaludsurverdon.com\\\/WP\\\/territoire-la-palud-sur-verdon\\\/#breadcrumb\",\"itemListElement\":[{\"@type\":\"ListItem\",\"position\":1,\"name\":\"Accueil\",\"item\":\"https:\\\/\\\/camping.lapaludsurverdon.com\\\/\"},{\"@type\":\"ListItem\",\"position\":2,\"name\":\"Territoire La Palud sur Verdon\"}]},{\"@type\":\"WebSite\",\"@id\":\"https:\\\/\\\/camping.lapaludsurverdon.com\\\/#website\",\"url\":\"https:\\\/\\\/camping.lapaludsurverdon.com\\\/\",\"name\":\"Camping municipal Grand Canyon\",\"description\":\"Un camping au c\u0153ur des Gorges du Verdon\",\"publisher\":{\"@id\":\"https:\\\/\\\/camping.lapaludsurverdon.com\\\/#organization\"},\"potentialAction\":[{\"@type\":\"SearchAction\",\"target\":{\"@type\":\"EntryPoint\",\"urlTemplate\":\"https:\\\/\\\/camping.lapaludsurverdon.com\\\/?s={search_term_string}\"},\"query-input\":{\"@type\":\"PropertyValueSpecification\",\"valueRequired\":true,\"valueName\":\"search_term_string\"}}],\"inLanguage\":\"fr-FR\"},{\"@type\":\"Organization\",\"@id\":\"https:\\\/\\\/camping.lapaludsurverdon.com\\\/#organization\",\"name\":\"Camping municipal Grand Canyon\",\"url\":\"https:\\\/\\\/camping.lapaludsurverdon.com\\\/\",\"logo\":{\"@type\":\"ImageObject\",\"inLanguage\":\"fr-FR\",\"@id\":\"https:\\\/\\\/camping.lapaludsurverdon.com\\\/#\\\/schema\\\/logo\\\/image\\\/\",\"url\":\"https:\\\/\\\/camping.lapaludsurverdon.com\\\/WP\\\/wp-content\\\/uploads\\\/2025\\\/03\\\/cropped-Logo-Camping.png\",\"contentUrl\":\"https:\\\/\\\/camping.lapaludsurverdon.com\\\/WP\\\/wp-content\\\/uploads\\\/2025\\\/03\\\/cropped-Logo-Camping.png\",\"width\":74,\"height\":74,\"caption\":\"Camping municipal Grand Canyon\"},\"image\":{\"@id\":\"https:\\\/\\\/camping.lapaludsurverdon.com\\\/#\\\/schema\\\/logo\\\/image\\\/\"}}]}<\/script>\n<!-- \/ Yoast SEO plugin. -->","yoast_head_json":{"title":"Territoire La Palud sur Verdon","description":"Au d\u00e9part du camping municipal Grand Canyon vous pourrez d\u00e9couvrir le patrimoine historique, culturel et humain de La Palud sur Verdon.","robots":{"index":"index","follow":"follow","max-snippet":"max-snippet:-1","max-image-preview":"max-image-preview:large","max-video-preview":"max-video-preview:-1"},"canonical":"https:\/\/camping.lapaludsurverdon.com\/WP\/territoire-la-palud-sur-verdon\/","og_locale":"fr_FR","og_type":"article","og_title":"Territoire La Palud sur Verdon","og_description":"Au d\u00e9part du camping municipal Grand Canyon vous pourrez d\u00e9couvrir le patrimoine historique, culturel et humain de La Palud sur Verdon.","og_url":"https:\/\/camping.lapaludsurverdon.com\/WP\/territoire-la-palud-sur-verdon\/","og_site_name":"Camping municipal Grand Canyon","article_modified_time":"2025-05-01T19:53:11+00:00","og_image":[{"url":"http:\/\/camping.lapaludsurverdon.com\/WP\/wp-content\/uploads\/2025\/03\/ecomusee-scaled.jpg","type":"","width":"","height":""}],"twitter_card":"summary_large_image","twitter_misc":{"Dur\u00e9e de lecture estim\u00e9e":"5 minutes"},"schema":{"@context":"https:\/\/schema.org","@graph":[{"@type":"WebPage","@id":"https:\/\/camping.lapaludsurverdon.com\/WP\/territoire-la-palud-sur-verdon\/","url":"https:\/\/camping.lapaludsurverdon.com\/WP\/territoire-la-palud-sur-verdon\/","name":"Territoire La Palud sur Verdon","isPartOf":{"@id":"https:\/\/camping.lapaludsurverdon.com\/#website"},"primaryImageOfPage":{"@id":"https:\/\/camping.lapaludsurverdon.com\/WP\/territoire-la-palud-sur-verdon\/#primaryimage"},"image":{"@id":"https:\/\/camping.lapaludsurverdon.com\/WP\/territoire-la-palud-sur-verdon\/#primaryimage"},"thumbnailUrl":"http:\/\/camping.lapaludsurverdon.com\/WP\/wp-content\/uploads\/2025\/03\/ecomusee-scaled.jpg","datePublished":"2025-01-09T17:30:10+00:00","dateModified":"2025-05-01T19:53:11+00:00","description":"Au d\u00e9part du camping municipal Grand Canyon vous pourrez d\u00e9couvrir le patrimoine historique, culturel et humain de La Palud sur Verdon.","breadcrumb":{"@id":"https:\/\/camping.lapaludsurverdon.com\/WP\/territoire-la-palud-sur-verdon\/#breadcrumb"},"inLanguage":"fr-FR","potentialAction":[{"@type":"ReadAction","target":["https:\/\/camping.lapaludsurverdon.com\/WP\/territoire-la-palud-sur-verdon\/"]}]},{"@type":"ImageObject","inLanguage":"fr-FR","@id":"https:\/\/camping.lapaludsurverdon.com\/WP\/territoire-la-palud-sur-verdon\/#primaryimage","url":"http:\/\/camping.lapaludsurverdon.com\/WP\/wp-content\/uploads\/2025\/03\/ecomusee-scaled.jpg","contentUrl":"http:\/\/camping.lapaludsurverdon.com\/WP\/wp-content\/uploads\/2025\/03\/ecomusee-scaled.jpg"},{"@type":"BreadcrumbList","@id":"https:\/\/camping.lapaludsurverdon.com\/WP\/territoire-la-palud-sur-verdon\/#breadcrumb","itemListElement":[{"@type":"ListItem","position":1,"name":"Accueil","item":"https:\/\/camping.lapaludsurverdon.com\/"},{"@type":"ListItem","position":2,"name":"Territoire La Palud sur Verdon"}]},{"@type":"WebSite","@id":"https:\/\/camping.lapaludsurverdon.com\/#website","url":"https:\/\/camping.lapaludsurverdon.com\/","name":"Camping municipal Grand Canyon","description":"Un camping au c\u0153ur des Gorges du Verdon","publisher":{"@id":"https:\/\/camping.lapaludsurverdon.com\/#organization"},"potentialAction":[{"@type":"SearchAction","target":{"@type":"EntryPoint","urlTemplate":"https:\/\/camping.lapaludsurverdon.com\/?s={search_term_string}"},"query-input":{"@type":"PropertyValueSpecification","valueRequired":true,"valueName":"search_term_string"}}],"inLanguage":"fr-FR"},{"@type":"Organization","@id":"https:\/\/camping.lapaludsurverdon.com\/#organization","name":"Camping municipal Grand Canyon","url":"https:\/\/camping.lapaludsurverdon.com\/","logo":{"@type":"ImageObject","inLanguage":"fr-FR","@id":"https:\/\/camping.lapaludsurverdon.com\/#\/schema\/logo\/image\/","url":"https:\/\/camping.lapaludsurverdon.com\/WP\/wp-content\/uploads\/2025\/03\/cropped-Logo-Camping.png","contentUrl":"https:\/\/camping.lapaludsurverdon.com\/WP\/wp-content\/uploads\/2025\/03\/cropped-Logo-Camping.png","width":74,"height":74,"caption":"Camping municipal Grand Canyon"},"image":{"@id":"https:\/\/camping.lapaludsurverdon.com\/#\/schema\/logo\/image\/"}}]}},"_links":{"self":[{"href":"https:\/\/camping.lapaludsurverdon.com\/WP\/wp-json\/wp\/v2\/pages\/515","targetHints":{"allow":["GET"]}}],"collection":[{"href":"https:\/\/camping.lapaludsurverdon.com\/WP\/wp-json\/wp\/v2\/pages"}],"about":[{"href":"https:\/\/camping.lapaludsurverdon.com\/WP\/wp-json\/wp\/v2\/types\/page"}],"author":[{"embeddable":true,"href":"https:\/\/camping.lapaludsurverdon.com\/WP\/wp-json\/wp\/v2\/users\/1"}],"replies":[{"embeddable":true,"href":"https:\/\/camping.lapaludsurverdon.com\/WP\/wp-json\/wp\/v2\/comments?post=515"}],"version-history":[{"count":69,"href":"https:\/\/camping.lapaludsurverdon.com\/WP\/wp-json\/wp\/v2\/pages\/515\/revisions"}],"predecessor-version":[{"id":1612,"href":"https:\/\/camping.lapaludsurverdon.com\/WP\/wp-json\/wp\/v2\/pages\/515\/revisions\/1612"}],"wp:attachment":[{"href":"https:\/\/camping.lapaludsurverdon.com\/WP\/wp-json\/wp\/v2\/media?parent=515"}],"curies":[{"name":"wp","href":"https:\/\/api.w.org\/{rel}","templated":true}]}}