{"id":634,"date":"2025-01-10T17:04:50","date_gmt":"2025-01-10T17:04:50","guid":{"rendered":"https:\/\/webredox.net\/demo\/wp\/bycamp\/?page_id=634"},"modified":"2025-05-01T21:46:09","modified_gmt":"2025-05-01T19:46:09","slug":"contact","status":"publish","type":"page","link":"https:\/\/camping.lapaludsurverdon.com\/WP\/contact\/","title":{"rendered":"Contact"},"content":{"rendered":"\t\t<div data-elementor-type=\"wp-page\" data-elementor-id=\"634\" class=\"elementor elementor-634\">\n\t\t\t\t<div class=\"elementor-element elementor-element-65814653 e-con-full e-flex e-con e-parent\" data-id=\"65814653\" data-element_type=\"container\" data-e-type=\"container\">\n\t\t\t\t<div class=\"elementor-element elementor-element-16f349bc elementor-widget elementor-widget-bycamp-banner-simple\" data-id=\"16f349bc\" data-element_type=\"widget\" data-e-type=\"widget\" data-widget_type=\"bycamp-banner-simple.default\">\n\t\t\t\t<div class=\"elementor-widget-container\">\n\t\t\t\t\t\t\t\t\t<div class=\"banner-header middle-height section-padding valign bg-img bg-img-c bg-fixed bg-position-center\" data-overlay-dark=\"3\" data-background=\"http:\/\/camping.lapaludsurverdon.com\/WP\/wp-content\/uploads\/2025\/03\/2013-camping-municipal-4-scaled.jpg\">\n\t\t\t<div class=\"container\">\n\t\t\t\t<div class=\"row justify-content-center\">\n\t\t\t\t\t<div class=\"col-lg-8 offset-md-0 col-md-12 \">\n\t\t\t\t\t\t\t\t\t\t\t\t<h1 class=\"bc-inner-bheader-title\">Contactez-nous<\/h1>\n\t\t\t\t\t\t\t\t\t\t\t\t\t\t\t\t\t\t\t\t\t\t\t\t\t\t\t\t\t<\/div>\n\t\t\t\t<\/div>\n\t\t\t<\/div>\n\t\t<\/div>\n\t\t\t\t\t<\/div>\n\t\t\t\t<\/div>\n\t\t\t\t<\/div>\n\t\t<div class=\"elementor-element elementor-element-238192e e-flex e-con-boxed e-con e-parent\" data-id=\"238192e\" data-element_type=\"container\" data-e-type=\"container\" data-settings=\"{&quot;background_background&quot;:&quot;classic&quot;}\">\n\t\t\t\t\t<div class=\"e-con-inner\">\n\t\t<div class=\"elementor-element elementor-element-72caf0f e-con-full e-flex e-con e-child\" data-id=\"72caf0f\" data-element_type=\"container\" data-e-type=\"container\" data-settings=\"{&quot;background_background&quot;:&quot;classic&quot;}\">\n\t\t\t\t<div class=\"elementor-element elementor-element-10cbdd4 elementor-widget elementor-widget-bycamp-contact\" data-id=\"10cbdd4\" data-element_type=\"widget\" data-e-type=\"widget\" data-widget_type=\"bycamp-contact.default\">\n\t\t\t\t<div class=\"elementor-widget-container\">\n\t\t\t\t\t\t\t<div class=\"contact-box\">\t\n\t\t\t<div class=\"clear \">\n                <div class=\"item  \">\n\t\t\t\t\t\t\t\t\t\t<a \n\t\t\t\t\t\t\t\t\t\t\t\thref=\"mailto:campingmunicipallapalud@orange.fr\"\n\t\t\t\t\t\t\t\t\t\t\t\ttarget=\"_blank\" rel=\"noopener noreferrer\">\n\t\t\t\t\t\t\t\t\t\t\t\t<i class=\"icon fa-light fa-envelope\"><\/i>\n\t\t\t\t\t\t\t\t\t\t\t\t\t\t\t\t\t\t<h4 class=\"rx-info-box-title\">e-Mail<\/h4>\n\t\t\t\t\t\t\t\t\t\t\t\t<p>\n\t\t\t\t\t\t\t\t\t\t\t\tcampingmunicipallapalud@orange.fr\t\t\t\t\t\t\t\t\t\t\t\t<\/p> \n\t\t\t\t\t\t\t\t\t\t\t\t<i class=\"numb fa-light fa-envelope\"><\/i>\n\t\t\t\t\t\t\t\t\t\t\t<\/a>\n\t\t\t\t\t                <\/div>\n            <\/div>\n\t\t<\/div>\n\t\t\n        \t\t\t\t<\/div>\n\t\t\t\t<\/div>\n\t\t\t\t<\/div>\n\t\t<div class=\"elementor-element elementor-element-78ef725 e-con-full e-flex e-con e-child\" data-id=\"78ef725\" data-element_type=\"container\" data-e-type=\"container\">\n\t\t\t\t<div class=\"elementor-element elementor-element-285b3fa elementor-widget elementor-widget-bycamp-contact\" data-id=\"285b3fa\" data-element_type=\"widget\" data-e-type=\"widget\" data-widget_type=\"bycamp-contact.default\">\n\t\t\t\t<div class=\"elementor-widget-container\">\n\t\t\t\t\t\t\t<div class=\"contact-box\">\t\n\t\t\t<div class=\"clear \">\n                <div class=\"item  \">\n\t\t\t\t\t\t\t\t\t\t<a \n\t\t\t\t\t\t\t\t\t\n\t\t\t\t\t\thref=\"https:\/\/www.google.fr\/maps\/place\/Camping+municipal+-+le+Grand+Canyon\/@43.7803899,6.3462708,17z\/data=!3m1!4b1!4m9!3m8!1s0x12cbf769246bb6fb:0x7e4120cb9377fc3e!5m2!4m1!1i2!8m2!3d43.7803861!4d6.3488457!16s%2Fg%2F1tk69s35?entry=ttu&#038;g_ep=EgoyMDI1MDMxMC4wIKXMDSoASAFQAw%3D%3D\" \n\t\t\t\t\t\t\t\t\t\t\t\ttarget=\"_blank\" rel=\"noopener noreferrer\">\n\t\t\t\t\t\t\t\t\t\t\t\t<i class=\"icon fa-light fa-location-dot\"><\/i>\n\t\t\t\t\t\t\t\t\t\t\t\t\t\t\t\t\t\t<h4 class=\"rx-info-box-title\">notre adresse<\/h4>\n\t\t\t\t\t\t\t\t\t\t\t\t<p>\n\t\t\t\t\t\t\t\t\t\t\t\t580 Route de Castellane - 04120 La Palud sur Verdon\t\t\t\t\t\t\t\t\t\t\t\t<\/p> \n\t\t\t\t\t\t\t\t\t\t\t\t<i class=\"numb fa-light fa-location-dot\"><\/i>\n\t\t\t\t\t\t\t\t\t\t\t<\/a>\n\t\t\t\t\t                <\/div>\n            <\/div>\n\t\t<\/div>\n\t\t\n        \t\t\t\t<\/div>\n\t\t\t\t<\/div>\n\t\t\t\t<\/div>\n\t\t<div class=\"elementor-element elementor-element-8859890 e-con-full e-flex e-con e-child\" data-id=\"8859890\" data-element_type=\"container\" data-e-type=\"container\">\n\t\t\t\t<div class=\"elementor-element elementor-element-5838077 elementor-widget elementor-widget-bycamp-contact\" data-id=\"5838077\" data-element_type=\"widget\" data-e-type=\"widget\" data-widget_type=\"bycamp-contact.default\">\n\t\t\t\t<div class=\"elementor-widget-container\">\n\t\t\t\t\t\t\t<div class=\"contact-box\">\t\n\t\t\t<div class=\"clear \">\n                <div class=\"item active \">\n\t\t\t\t\t\t\t\t\t\t<a \n\t\t\t\t\t\t\t\t\t\t\t\thref=\"tel:+33492773813\" \n\t\t\t\t\t\t\t\t\t\t\t\ttarget=\"_self\" rel=\"noopener noreferrer\">\n\t\t\t\t\t\t\t\t\t\t\t\t<i class=\"icon fa-light fa-phone\"><\/i>\n\t\t\t\t\t\t\t\t\t\t\t\t\t\t\t\t\t\t<h4 class=\"rx-info-box-title\">Appelez-nous<\/h4>\n\t\t\t\t\t\t\t\t\t\t\t\t<p>\n\t\t\t\t\t\t\t\t\t\t\t\t+33 4 92 77 38 13\t\t\t\t\t\t\t\t\t\t\t\t<\/p> \n\t\t\t\t\t\t\t\t\t\t\t\t<i class=\"numb fa-light fa-phone\"><\/i>\n\t\t\t\t\t\t\t\t\t\t\t<\/a>\n\t\t\t\t\t                <\/div>\n            <\/div>\n\t\t<\/div>\n\t\t\n        \t\t\t\t<\/div>\n\t\t\t\t<\/div>\n\t\t\t\t<\/div>\n\t\t\t\t\t<\/div>\n\t\t\t\t<\/div>\n\t\t<div class=\"elementor-element elementor-element-cd3df9b e-flex e-con-boxed e-con e-parent\" data-id=\"cd3df9b\" data-element_type=\"container\" data-e-type=\"container\">\n\t\t\t\t\t<div class=\"e-con-inner\">\n\t\t<div class=\"elementor-element elementor-element-f8a0b21 e-con-full e-flex e-con e-child\" data-id=\"f8a0b21\" data-element_type=\"container\" data-e-type=\"container\" data-settings=\"{&quot;background_background&quot;:&quot;classic&quot;}\">\n\t\t\t\t<div class=\"elementor-element elementor-element-ccf8a14 elementor-widget__width-initial e-transform elementor-widget elementor-widget-heading\" data-id=\"ccf8a14\" data-element_type=\"widget\" data-e-type=\"widget\" data-settings=\"{&quot;_transform_rotateZ_effect&quot;:{&quot;unit&quot;:&quot;px&quot;,&quot;size&quot;:&quot;&quot;,&quot;sizes&quot;:[]},&quot;_transform_rotateZ_effect_tablet&quot;:{&quot;unit&quot;:&quot;deg&quot;,&quot;size&quot;:&quot;&quot;,&quot;sizes&quot;:[]},&quot;_transform_rotateZ_effect_mobile&quot;:{&quot;unit&quot;:&quot;deg&quot;,&quot;size&quot;:&quot;&quot;,&quot;sizes&quot;:[]}}\" data-widget_type=\"heading.default\">\n\t\t\t\t<div class=\"elementor-widget-container\">\n\t\t\t\t\t<h2 class=\"elementor-heading-title elementor-size-default\">venir \u00e0 la palud sur verdon<\/h2>\t\t\t\t<\/div>\n\t\t\t\t<\/div>\n\t\t<div class=\"elementor-element elementor-element-39a5b67 e-con-full e-flex e-con e-child\" data-id=\"39a5b67\" data-element_type=\"container\" data-e-type=\"container\">\n\t\t<div class=\"elementor-element elementor-element-c8cd987 e-con-full e-flex e-con e-child\" data-id=\"c8cd987\" data-element_type=\"container\" data-e-type=\"container\" data-settings=\"{&quot;background_background&quot;:&quot;classic&quot;}\">\n\t\t<div class=\"elementor-element elementor-element-f9710ce e-con-full e-flex e-con e-child\" data-id=\"f9710ce\" data-element_type=\"container\" data-e-type=\"container\">\n\t\t\t\t<div class=\"elementor-element elementor-element-77e1f3c elementor-widget__width-initial elementor-widget elementor-widget-bycamp-icon\" data-id=\"77e1f3c\" data-element_type=\"widget\" data-e-type=\"widget\" data-widget_type=\"bycamp-icon.default\">\n\t\t\t\t<div class=\"elementor-widget-container\">\n\t\t\t\t\t\t\t<div class=\"icon bc-icon-element text-center\"> \n\t\t\t\t\n\t\t\t\t\t\t<div class=\"iconix\"><i class=\"fa-solid fa-train-subway\"><\/i><\/div>\n\t\t\t\t\t\t\t\t\t        <\/div>\n\t\t\t\t\t<\/div>\n\t\t\t\t<\/div>\n\t\t\t\t<div class=\"elementor-element elementor-element-cdb5dd6 elementor-widget elementor-widget-text-editor\" data-id=\"cdb5dd6\" data-element_type=\"widget\" data-e-type=\"widget\" data-widget_type=\"text-editor.default\">\n\t\t\t\t<div class=\"elementor-widget-container\">\n\t\t\t\t\t\t\t\t\t<p>Gare TGV de Nice + bus<br \/>Gare TGV de Marseille ou Aix-en-Provence + bus<\/p>\t\t\t\t\t\t\t\t<\/div>\n\t\t\t\t<\/div>\n\t\t\t\t<\/div>\n\t\t\t\t<div class=\"elementor-element elementor-element-2cc8371 elementor-widget-divider--view-line elementor-widget elementor-widget-divider\" data-id=\"2cc8371\" data-element_type=\"widget\" data-e-type=\"widget\" data-widget_type=\"divider.default\">\n\t\t\t\t<div class=\"elementor-widget-container\">\n\t\t\t\t\t\t\t<div class=\"elementor-divider\">\n\t\t\t<span class=\"elementor-divider-separator\">\n\t\t\t\t\t\t<\/span>\n\t\t<\/div>\n\t\t\t\t\t\t<\/div>\n\t\t\t\t<\/div>\n\t\t<div class=\"elementor-element elementor-element-a073d40 e-con-full e-flex e-con e-child\" data-id=\"a073d40\" data-element_type=\"container\" data-e-type=\"container\">\n\t\t\t\t<div class=\"elementor-element elementor-element-b81e3a1 elementor-widget__width-initial elementor-widget elementor-widget-bycamp-icon\" data-id=\"b81e3a1\" data-element_type=\"widget\" data-e-type=\"widget\" data-widget_type=\"bycamp-icon.default\">\n\t\t\t\t<div class=\"elementor-widget-container\">\n\t\t\t\t\t\t\t<div class=\"icon bc-icon-element text-center\"> \n\t\t\t\t\n\t\t\t\t\t\t<div class=\"iconix\"><i class=\"fa-solid fa-plane-arrival\"><\/i><\/div>\n\t\t\t\t\t\t\t\t\t        <\/div>\n\t\t\t\t\t<\/div>\n\t\t\t\t<\/div>\n\t\t\t\t<div class=\"elementor-element elementor-element-656bec5 elementor-widget__width-initial elementor-widget elementor-widget-text-editor\" data-id=\"656bec5\" data-element_type=\"widget\" data-e-type=\"widget\" data-widget_type=\"text-editor.default\">\n\t\t\t\t<div class=\"elementor-widget-container\">\n\t\t\t\t\t\t\t\t\t<p>A\u00e9roport Nice C\u00f4te d\u2019Azur + bus<br \/>A\u00e9roport Marseille Marignane + bus<\/p>\t\t\t\t\t\t\t\t<\/div>\n\t\t\t\t<\/div>\n\t\t\t\t<\/div>\n\t\t\t\t<div class=\"elementor-element elementor-element-69c93e6 elementor-widget-divider--view-line elementor-widget elementor-widget-divider\" data-id=\"69c93e6\" data-element_type=\"widget\" data-e-type=\"widget\" data-widget_type=\"divider.default\">\n\t\t\t\t<div class=\"elementor-widget-container\">\n\t\t\t\t\t\t\t<div class=\"elementor-divider\">\n\t\t\t<span class=\"elementor-divider-separator\">\n\t\t\t\t\t\t<\/span>\n\t\t<\/div>\n\t\t\t\t\t\t<\/div>\n\t\t\t\t<\/div>\n\t\t<div class=\"elementor-element elementor-element-76a12bb e-con-full e-flex e-con e-child\" data-id=\"76a12bb\" data-element_type=\"container\" data-e-type=\"container\">\n\t\t\t\t<div class=\"elementor-element elementor-element-8087e46 elementor-widget__width-initial elementor-widget elementor-widget-bycamp-icon\" data-id=\"8087e46\" data-element_type=\"widget\" data-e-type=\"widget\" data-widget_type=\"bycamp-icon.default\">\n\t\t\t\t<div class=\"elementor-widget-container\">\n\t\t\t\t\t\t\t<div class=\"icon bc-icon-element text-center\"> \n\t\t\t\t\n\t\t\t\t\t\t<div class=\"iconix\"><i class=\"fa-solid fa-bus\"><\/i><\/div>\n\t\t\t\t\t\t\t\t\t        <\/div>\n\t\t\t\t\t<\/div>\n\t\t\t\t<\/div>\n\t\t\t\t<div class=\"elementor-element elementor-element-305be58 elementor-widget elementor-widget-text-editor\" data-id=\"305be58\" data-element_type=\"widget\" data-e-type=\"widget\" data-widget_type=\"text-editor.default\">\n\t\t\t\t<div class=\"elementor-widget-container\">\n\t\t\t\t\t\t\t\t\t<p><strong><u>Depuis Nice\u00a0: gare routi\u00e8re ou a\u00e9roport<\/u><\/strong><br \/>&#8211; ligne\u00a0r\u00e9gionale \u00ab\u00a0ZOU\u00a0\u00bb \u00a0LER Ligne 31 Nice \/ Grenoble\u00a0\u2013 Arr\u00eat Castellane<br \/>&#8211; ligne r\u00e9gionale \u00ab ZOU \u00bb \u00a0 Ligne BV1 Castellane \u2013 Riez \u2013 Arr\u00eat La Palud<br \/><strong><u>Depuis Marseille\/Aix en Provence\u00a0: gare routi\u00e8re ou a\u00e9roport<\/u><\/strong><br \/>&#8211; ligne r\u00e9gionale \u00ab\u00a0ZOU\u00a0\u00bb\u00a0LER ligne 27 Marseille \u2013 Riez \u2013 Arr\u00eat RIEZ<br \/>&#8211; ligne r\u00e9gionale \u00ab ZOU \u00bb \u00a0 Ligne BV1 RIEZ \u2013 Castellane \u2013 Arr\u00eat La Palud<\/p>\t\t\t\t\t\t\t\t<\/div>\n\t\t\t\t<\/div>\n\t\t\t\t<\/div>\n\t\t\t\t<\/div>\n\t\t<div class=\"elementor-element elementor-element-e700cb4 e-con-full e-flex e-con e-child\" data-id=\"e700cb4\" data-element_type=\"container\" data-e-type=\"container\">\n\t\t<div class=\"elementor-element elementor-element-359aec2 e-con-full e-flex e-con e-child\" data-id=\"359aec2\" data-element_type=\"container\" data-e-type=\"container\">\n\t\t\t\t<div class=\"elementor-element elementor-element-f676bf9 elementor-widget__width-initial elementor-widget elementor-widget-bycamp-icon\" data-id=\"f676bf9\" data-element_type=\"widget\" data-e-type=\"widget\" data-widget_type=\"bycamp-icon.default\">\n\t\t\t\t<div class=\"elementor-widget-container\">\n\t\t\t\t\t\t\t<div class=\"icon bc-icon-element text-center\"> \n\t\t\t\t\n\t\t\t\t\t\t<div class=\"iconix\"><i class=\"fa-solid fa-car\"><\/i><\/div>\n\t\t\t\t\t\t\t\t\t        <\/div>\n\t\t\t\t\t<\/div>\n\t\t\t\t<\/div>\n\t\t\t\t<div class=\"elementor-element elementor-element-dc8fb10 elementor-widget elementor-widget-text-editor\" data-id=\"dc8fb10\" data-element_type=\"widget\" data-e-type=\"widget\" data-widget_type=\"text-editor.default\">\n\t\t\t\t<div class=\"elementor-widget-container\">\n\t\t\t\t\t\t\t\t\t<p><strong><u>Autoroute A51\u00a0(Aix en Provence-Sisteron) deux possibilit\u00e9s :<\/u><\/strong><\/p><p><strong>Sortie Manosque<\/strong> -&gt; Direction : Valensole -&gt; Puimoisson -&gt; Moustiers -&gt; Routes des Gorges du Verdon (D952) direction Castellane jusqu\u2019\u00e0 La Palud sur Verdon<\/p><p><strong>Sortie Vinon sur Verdon-Cadarache<\/strong> -&gt; Direction: Gr\u00e9oux -&gt; Riez -&gt; Moustiers -&gt; Routes des Gorges du Verdon (D952) direction Castellane jusqu\u2019\u00e0 La Palud sur Verdon<\/p><p><strong><u>Depuis Nice :<\/u><\/strong><\/p><p>A8 puis D6185 direction Grasse -&gt; D6085 (route Napol\u00e9on) puis D4085 jusqu\u2019\u00e0 Castellane -&gt; Route des Gorges du Verdon D952 direction Moustiers-Sainte-Marie jusqu\u2019\u00e0 La Palud sur Verdon<\/p>\t\t\t\t\t\t\t\t<\/div>\n\t\t\t\t<\/div>\n\t\t\t\t<\/div>\n\t\t<div class=\"elementor-element elementor-element-d8f9d4e e-con-full e-flex e-con e-child\" data-id=\"d8f9d4e\" data-element_type=\"container\" data-e-type=\"container\">\n\t\t\t\t<div class=\"elementor-element elementor-element-0590a81 elementor-widget elementor-widget-text-editor\" data-id=\"0590a81\" data-element_type=\"widget\" data-e-type=\"widget\" data-widget_type=\"text-editor.default\">\n\t\t\t\t<div class=\"elementor-widget-container\">\n\t\t\t\t\t\t\t\t\t<p>Bonne route et \u00e0 bient\u00f4t \u00e0 La Palud sur Verdon<br \/>au Camping Grand Canyon !<\/p>\t\t\t\t\t\t\t\t<\/div>\n\t\t\t\t<\/div>\n\t\t\t\t<\/div>\n\t\t\t\t<\/div>\n\t\t\t\t<\/div>\n\t\t\t\t<\/div>\n\t\t\t\t\t<\/div>\n\t\t\t\t<\/div>\n\t\t<div class=\"elementor-element elementor-element-450f4fe e-flex e-con-boxed e-con e-parent\" data-id=\"450f4fe\" data-element_type=\"container\" data-e-type=\"container\" data-settings=\"{&quot;background_background&quot;:&quot;classic&quot;}\">\n\t\t\t\t\t<div class=\"e-con-inner\">\n\t\t<div class=\"elementor-element elementor-element-1376eb2 e-con-full e-flex e-con e-child\" data-id=\"1376eb2\" data-element_type=\"container\" data-e-type=\"container\">\n\t\t\t\t<div class=\"elementor-element elementor-element-21145d3 elementor-widget elementor-widget-google_maps\" data-id=\"21145d3\" data-element_type=\"widget\" data-e-type=\"widget\" data-widget_type=\"google_maps.default\">\n\t\t\t\t<div class=\"elementor-widget-container\">\n\t\t\t\t\t\t\t<div class=\"elementor-custom-embed\">\n\t\t\t<iframe loading=\"lazy\"\n\t\t\t\t\tsrc=\"https:\/\/maps.google.com\/maps?q=580%20Route%20de%20Castellane%20-%2004120%20La%20Palud%20sur%20Vderon&#038;t=m&#038;z=11&#038;output=embed&#038;iwloc=near\"\n\t\t\t\t\ttitle=\"580 Route de Castellane - 04120 La Palud sur Vderon\"\n\t\t\t\t\taria-label=\"580 Route de Castellane - 04120 La Palud sur Vderon\"\n\t\t\t><\/iframe>\n\t\t<\/div>\n\t\t\t\t\t\t<\/div>\n\t\t\t\t<\/div>\n\t\t\t\t<\/div>\n\t\t\t\t<div class=\"elementor-element elementor-element-dc0fe49 elementor-widget__width-initial elementor-widget elementor-widget-image\" data-id=\"dc0fe49\" data-element_type=\"widget\" data-e-type=\"widget\" data-widget_type=\"image.default\">\n\t\t\t\t<div class=\"elementor-widget-container\">\n\t\t\t\t\t\t\t\t\t\t\t\t\t\t\t<img fetchpriority=\"high\" decoding=\"async\" width=\"900\" height=\"600\" src=\"https:\/\/camping.lapaludsurverdon.com\/WP\/wp-content\/uploads\/2025\/05\/IMG_7438-1024x683.jpg\" class=\"attachment-large size-large wp-image-1602\" alt=\"camping municipal Grand Canyon Gorges du Verdon\" srcset=\"https:\/\/camping.lapaludsurverdon.com\/WP\/wp-content\/uploads\/2025\/05\/IMG_7438-1024x683.jpg 1024w, https:\/\/camping.lapaludsurverdon.com\/WP\/wp-content\/uploads\/2025\/05\/IMG_7438-300x200.jpg 300w, https:\/\/camping.lapaludsurverdon.com\/WP\/wp-content\/uploads\/2025\/05\/IMG_7438-768x512.jpg 768w, https:\/\/camping.lapaludsurverdon.com\/WP\/wp-content\/uploads\/2025\/05\/IMG_7438-1536x1024.jpg 1536w, https:\/\/camping.lapaludsurverdon.com\/WP\/wp-content\/uploads\/2025\/05\/IMG_7438-2048x1365.jpg 2048w, https:\/\/camping.lapaludsurverdon.com\/WP\/wp-content\/uploads\/2025\/05\/IMG_7438-350x233.jpg 350w\" sizes=\"(max-width: 900px) 100vw, 900px\" \/>\t\t\t\t\t\t\t\t\t\t\t\t\t\t\t<\/div>\n\t\t\t\t<\/div>\n\t\t\t\t\t<\/div>\n\t\t\t\t<\/div>\n\t\t<div class=\"elementor-element elementor-element-10d3b47b e-flex e-con-boxed e-con e-parent\" data-id=\"10d3b47b\" data-element_type=\"container\" data-e-type=\"container\" data-settings=\"{&quot;background_background&quot;:&quot;classic&quot;}\">\n\t\t\t\t\t<div class=\"e-con-inner\">\n\t\t\t\t\t<\/div>\n\t\t\t\t<\/div>\n\t\t\t\t<\/div>\n\t\t","protected":false},"excerpt":{"rendered":"<p>Contactez-nous e-Mail campingmunicipallapalud@orange.fr notre adresse 580 Route de Castellane &#8211; 04120 La Palud sur Verdon&#8230;<\/p>\n","protected":false},"author":1,"featured_media":0,"parent":0,"menu_order":0,"comment_status":"closed","ping_status":"closed","template":"","meta":{"footnotes":""},"class_list":["post-634","page","type-page","status-publish","hentry"],"yoast_head":"<!-- This site is optimized with the Yoast SEO plugin v27.5 - https:\/\/yoast.com\/product\/yoast-seo-wordpress\/ -->\n<title>Contact - Camping municipal Grand Canyon<\/title>\n<meta name=\"robots\" content=\"index, follow, max-snippet:-1, max-image-preview:large, max-video-preview:-1\" \/>\n<link rel=\"canonical\" href=\"https:\/\/camping.lapaludsurverdon.com\/WP\/contact\/\" \/>\n<meta property=\"og:locale\" content=\"fr_FR\" \/>\n<meta property=\"og:type\" content=\"article\" \/>\n<meta property=\"og:title\" content=\"Contact - Camping municipal Grand Canyon\" \/>\n<meta property=\"og:description\" content=\"Contactez-nous e-Mail campingmunicipallapalud@orange.fr notre adresse 580 Route de Castellane &#8211; 04120 La Palud sur Verdon...\" \/>\n<meta property=\"og:url\" content=\"https:\/\/camping.lapaludsurverdon.com\/WP\/contact\/\" \/>\n<meta property=\"og:site_name\" content=\"Camping municipal Grand Canyon\" \/>\n<meta property=\"article:modified_time\" content=\"2025-05-01T19:46:09+00:00\" \/>\n<meta property=\"og:image\" content=\"http:\/\/camping.lapaludsurverdon.com\/WP\/wp-content\/uploads\/2025\/05\/IMG_7438-1024x683.jpg\" \/>\n<meta name=\"twitter:card\" content=\"summary_large_image\" \/>\n<meta name=\"twitter:label1\" content=\"Dur\u00e9e de lecture estim\u00e9e\" \/>\n\t<meta name=\"twitter:data1\" content=\"2 minutes\" \/>\n<script type=\"application\/ld+json\" class=\"yoast-schema-graph\">{\"@context\":\"https:\\\/\\\/schema.org\",\"@graph\":[{\"@type\":\"WebPage\",\"@id\":\"https:\\\/\\\/camping.lapaludsurverdon.com\\\/WP\\\/contact\\\/\",\"url\":\"https:\\\/\\\/camping.lapaludsurverdon.com\\\/WP\\\/contact\\\/\",\"name\":\"Contact - Camping municipal Grand Canyon\",\"isPartOf\":{\"@id\":\"https:\\\/\\\/camping.lapaludsurverdon.com\\\/#website\"},\"primaryImageOfPage\":{\"@id\":\"https:\\\/\\\/camping.lapaludsurverdon.com\\\/WP\\\/contact\\\/#primaryimage\"},\"image\":{\"@id\":\"https:\\\/\\\/camping.lapaludsurverdon.com\\\/WP\\\/contact\\\/#primaryimage\"},\"thumbnailUrl\":\"http:\\\/\\\/camping.lapaludsurverdon.com\\\/WP\\\/wp-content\\\/uploads\\\/2025\\\/05\\\/IMG_7438-1024x683.jpg\",\"datePublished\":\"2025-01-10T17:04:50+00:00\",\"dateModified\":\"2025-05-01T19:46:09+00:00\",\"breadcrumb\":{\"@id\":\"https:\\\/\\\/camping.lapaludsurverdon.com\\\/WP\\\/contact\\\/#breadcrumb\"},\"inLanguage\":\"fr-FR\",\"potentialAction\":[{\"@type\":\"ReadAction\",\"target\":[\"https:\\\/\\\/camping.lapaludsurverdon.com\\\/WP\\\/contact\\\/\"]}]},{\"@type\":\"ImageObject\",\"inLanguage\":\"fr-FR\",\"@id\":\"https:\\\/\\\/camping.lapaludsurverdon.com\\\/WP\\\/contact\\\/#primaryimage\",\"url\":\"http:\\\/\\\/camping.lapaludsurverdon.com\\\/WP\\\/wp-content\\\/uploads\\\/2025\\\/05\\\/IMG_7438-1024x683.jpg\",\"contentUrl\":\"http:\\\/\\\/camping.lapaludsurverdon.com\\\/WP\\\/wp-content\\\/uploads\\\/2025\\\/05\\\/IMG_7438-1024x683.jpg\"},{\"@type\":\"BreadcrumbList\",\"@id\":\"https:\\\/\\\/camping.lapaludsurverdon.com\\\/WP\\\/contact\\\/#breadcrumb\",\"itemListElement\":[{\"@type\":\"ListItem\",\"position\":1,\"name\":\"Accueil\",\"item\":\"https:\\\/\\\/camping.lapaludsurverdon.com\\\/\"},{\"@type\":\"ListItem\",\"position\":2,\"name\":\"Contact\"}]},{\"@type\":\"WebSite\",\"@id\":\"https:\\\/\\\/camping.lapaludsurverdon.com\\\/#website\",\"url\":\"https:\\\/\\\/camping.lapaludsurverdon.com\\\/\",\"name\":\"Camping municipal Grand Canyon\",\"description\":\"Un camping au c\u0153ur des Gorges du Verdon\",\"publisher\":{\"@id\":\"https:\\\/\\\/camping.lapaludsurverdon.com\\\/#organization\"},\"potentialAction\":[{\"@type\":\"SearchAction\",\"target\":{\"@type\":\"EntryPoint\",\"urlTemplate\":\"https:\\\/\\\/camping.lapaludsurverdon.com\\\/?s={search_term_string}\"},\"query-input\":{\"@type\":\"PropertyValueSpecification\",\"valueRequired\":true,\"valueName\":\"search_term_string\"}}],\"inLanguage\":\"fr-FR\"},{\"@type\":\"Organization\",\"@id\":\"https:\\\/\\\/camping.lapaludsurverdon.com\\\/#organization\",\"name\":\"Camping municipal Grand Canyon\",\"url\":\"https:\\\/\\\/camping.lapaludsurverdon.com\\\/\",\"logo\":{\"@type\":\"ImageObject\",\"inLanguage\":\"fr-FR\",\"@id\":\"https:\\\/\\\/camping.lapaludsurverdon.com\\\/#\\\/schema\\\/logo\\\/image\\\/\",\"url\":\"https:\\\/\\\/camping.lapaludsurverdon.com\\\/WP\\\/wp-content\\\/uploads\\\/2025\\\/03\\\/cropped-Logo-Camping.png\",\"contentUrl\":\"https:\\\/\\\/camping.lapaludsurverdon.com\\\/WP\\\/wp-content\\\/uploads\\\/2025\\\/03\\\/cropped-Logo-Camping.png\",\"width\":74,\"height\":74,\"caption\":\"Camping municipal Grand Canyon\"},\"image\":{\"@id\":\"https:\\\/\\\/camping.lapaludsurverdon.com\\\/#\\\/schema\\\/logo\\\/image\\\/\"}}]}<\/script>\n<!-- \/ Yoast SEO plugin. -->","yoast_head_json":{"title":"Contact - Camping municipal Grand Canyon","robots":{"index":"index","follow":"follow","max-snippet":"max-snippet:-1","max-image-preview":"max-image-preview:large","max-video-preview":"max-video-preview:-1"},"canonical":"https:\/\/camping.lapaludsurverdon.com\/WP\/contact\/","og_locale":"fr_FR","og_type":"article","og_title":"Contact - Camping municipal Grand Canyon","og_description":"Contactez-nous e-Mail campingmunicipallapalud@orange.fr notre adresse 580 Route de Castellane &#8211; 04120 La Palud sur Verdon...","og_url":"https:\/\/camping.lapaludsurverdon.com\/WP\/contact\/","og_site_name":"Camping municipal Grand Canyon","article_modified_time":"2025-05-01T19:46:09+00:00","og_image":[{"url":"http:\/\/camping.lapaludsurverdon.com\/WP\/wp-content\/uploads\/2025\/05\/IMG_7438-1024x683.jpg","type":"","width":"","height":""}],"twitter_card":"summary_large_image","twitter_misc":{"Dur\u00e9e de lecture estim\u00e9e":"2 minutes"},"schema":{"@context":"https:\/\/schema.org","@graph":[{"@type":"WebPage","@id":"https:\/\/camping.lapaludsurverdon.com\/WP\/contact\/","url":"https:\/\/camping.lapaludsurverdon.com\/WP\/contact\/","name":"Contact - Camping municipal Grand Canyon","isPartOf":{"@id":"https:\/\/camping.lapaludsurverdon.com\/#website"},"primaryImageOfPage":{"@id":"https:\/\/camping.lapaludsurverdon.com\/WP\/contact\/#primaryimage"},"image":{"@id":"https:\/\/camping.lapaludsurverdon.com\/WP\/contact\/#primaryimage"},"thumbnailUrl":"http:\/\/camping.lapaludsurverdon.com\/WP\/wp-content\/uploads\/2025\/05\/IMG_7438-1024x683.jpg","datePublished":"2025-01-10T17:04:50+00:00","dateModified":"2025-05-01T19:46:09+00:00","breadcrumb":{"@id":"https:\/\/camping.lapaludsurverdon.com\/WP\/contact\/#breadcrumb"},"inLanguage":"fr-FR","potentialAction":[{"@type":"ReadAction","target":["https:\/\/camping.lapaludsurverdon.com\/WP\/contact\/"]}]},{"@type":"ImageObject","inLanguage":"fr-FR","@id":"https:\/\/camping.lapaludsurverdon.com\/WP\/contact\/#primaryimage","url":"http:\/\/camping.lapaludsurverdon.com\/WP\/wp-content\/uploads\/2025\/05\/IMG_7438-1024x683.jpg","contentUrl":"http:\/\/camping.lapaludsurverdon.com\/WP\/wp-content\/uploads\/2025\/05\/IMG_7438-1024x683.jpg"},{"@type":"BreadcrumbList","@id":"https:\/\/camping.lapaludsurverdon.com\/WP\/contact\/#breadcrumb","itemListElement":[{"@type":"ListItem","position":1,"name":"Accueil","item":"https:\/\/camping.lapaludsurverdon.com\/"},{"@type":"ListItem","position":2,"name":"Contact"}]},{"@type":"WebSite","@id":"https:\/\/camping.lapaludsurverdon.com\/#website","url":"https:\/\/camping.lapaludsurverdon.com\/","name":"Camping municipal Grand Canyon","description":"Un camping au c\u0153ur des Gorges du Verdon","publisher":{"@id":"https:\/\/camping.lapaludsurverdon.com\/#organization"},"potentialAction":[{"@type":"SearchAction","target":{"@type":"EntryPoint","urlTemplate":"https:\/\/camping.lapaludsurverdon.com\/?s={search_term_string}"},"query-input":{"@type":"PropertyValueSpecification","valueRequired":true,"valueName":"search_term_string"}}],"inLanguage":"fr-FR"},{"@type":"Organization","@id":"https:\/\/camping.lapaludsurverdon.com\/#organization","name":"Camping municipal Grand Canyon","url":"https:\/\/camping.lapaludsurverdon.com\/","logo":{"@type":"ImageObject","inLanguage":"fr-FR","@id":"https:\/\/camping.lapaludsurverdon.com\/#\/schema\/logo\/image\/","url":"https:\/\/camping.lapaludsurverdon.com\/WP\/wp-content\/uploads\/2025\/03\/cropped-Logo-Camping.png","contentUrl":"https:\/\/camping.lapaludsurverdon.com\/WP\/wp-content\/uploads\/2025\/03\/cropped-Logo-Camping.png","width":74,"height":74,"caption":"Camping municipal Grand Canyon"},"image":{"@id":"https:\/\/camping.lapaludsurverdon.com\/#\/schema\/logo\/image\/"}}]}},"_links":{"self":[{"href":"https:\/\/camping.lapaludsurverdon.com\/WP\/wp-json\/wp\/v2\/pages\/634","targetHints":{"allow":["GET"]}}],"collection":[{"href":"https:\/\/camping.lapaludsurverdon.com\/WP\/wp-json\/wp\/v2\/pages"}],"about":[{"href":"https:\/\/camping.lapaludsurverdon.com\/WP\/wp-json\/wp\/v2\/types\/page"}],"author":[{"embeddable":true,"href":"https:\/\/camping.lapaludsurverdon.com\/WP\/wp-json\/wp\/v2\/users\/1"}],"replies":[{"embeddable":true,"href":"https:\/\/camping.lapaludsurverdon.com\/WP\/wp-json\/wp\/v2\/comments?post=634"}],"version-history":[{"count":37,"href":"https:\/\/camping.lapaludsurverdon.com\/WP\/wp-json\/wp\/v2\/pages\/634\/revisions"}],"predecessor-version":[{"id":1608,"href":"https:\/\/camping.lapaludsurverdon.com\/WP\/wp-json\/wp\/v2\/pages\/634\/revisions\/1608"}],"wp:attachment":[{"href":"https:\/\/camping.lapaludsurverdon.com\/WP\/wp-json\/wp\/v2\/media?parent=634"}],"curies":[{"name":"wp","href":"https:\/\/api.w.org\/{rel}","templated":true}]}}